{"id":48601,"date":"2024-06-17T19:24:47","date_gmt":"2024-06-17T23:24:47","guid":{"rendered":"https:\/\/climateactionnetwork.ca\/?post_type=staff&#038;p=48601"},"modified":"2024-11-05T18:09:50","modified_gmt":"2024-11-05T23:09:50","slug":"matthew-brisbin","status":"publish","type":"staff","link":"https:\/\/climateactionnetwork.ca\/fr\/staff\/matthew-brisbin\/","title":{"rendered":"Matthew Brisbin"},"content":{"rendered":"\n<p>Matthew s&rsquo;est joint au R\u00e9seau action climat Canada en 2023, apr\u00e8s avoir travaill\u00e9 pendant plusieurs ann\u00e9es comme v\u00e9rificateur financier et comptable dans des entreprises publiques. Tout en obtenant son titre de comptable professionnel agr\u00e9\u00e9 (CPA), Matthew a d\u00e9velopp\u00e9 une passion pour le secteur \u00e0 but non lucratif. <\/p>\n\n<div class=\"more-expand\">\r\n<p>Avec son exp\u00e9rience en audit d&rsquo;organisations \u00e0 but non lucratif, Matthew se r\u00e9jouit des occasions d&rsquo;\u00e9duquer et de conseiller les membres et les alli\u00e9s de CAN-Rac en ce qui concerne leurs besoins en mati\u00e8re d&rsquo;administration financi\u00e8re.<\/p>\r\n<p>Dans ses efforts constants pour renforcer l&rsquo;\u00e9quilibre entre le travail et la vie priv\u00e9e, Matthew aime planifier des voyages, faire de la randonn\u00e9e tout-terrain et jouer \u00e0 des jeux de soci\u00e9t\u00e9.<\/p>\r\n<\/div>\r\n","protected":false},"featured_media":48952,"template":"","meta":{"inline_featured_image":false},"class_list":["post-48601","staff","type-staff","status-publish","has-post-thumbnail","hentry"],"acf":[],"yoast_head":"<!-- This site is optimized with the Yoast SEO plugin v27.3 - https:\/\/yoast.com\/product\/yoast-seo-wordpress\/ -->\n<title>Matthew Brisbin - Climate Action Network Canada (CAN-Rac)<\/title>\n<meta name=\"robots\" content=\"index, follow, max-snippet:-1, max-image-preview:large, max-video-preview:-1\" \/>\n<link rel=\"canonical\" href=\"https:\/\/climateactionnetwork.ca\/fr\/staff\/matthew-brisbin\/\" \/>\n<meta property=\"og:locale\" content=\"fr_FR\" \/>\n<meta property=\"og:type\" content=\"article\" \/>\n<meta property=\"og:title\" content=\"Matthew Brisbin - Climate Action Network Canada (CAN-Rac)\" \/>\n<meta property=\"og:description\" content=\"Matthew s&rsquo;est joint au R\u00e9seau action climat Canada en 2023, [&hellip;]\" \/>\n<meta property=\"og:url\" content=\"https:\/\/climateactionnetwork.ca\/fr\/staff\/matthew-brisbin\/\" \/>\n<meta property=\"og:site_name\" content=\"Climate Action Network Canada (CAN-Rac)\" \/>\n<meta property=\"article:publisher\" content=\"https:\/\/www.facebook.com\/climate.action.network.canada\" \/>\n<meta property=\"article:modified_time\" content=\"2024-11-05T23:09:50+00:00\" \/>\n<meta property=\"og:image\" content=\"https:\/\/climateactionnetwork.ca\/wp-content\/uploads\/Matthew.jpg\" \/>\n\t<meta property=\"og:image:width\" content=\"1485\" \/>\n\t<meta property=\"og:image:height\" content=\"1485\" \/>\n\t<meta property=\"og:image:type\" content=\"image\/jpeg\" \/>\n<meta name=\"twitter:card\" content=\"summary_large_image\" \/>\n<meta name=\"twitter:site\" content=\"@CANRacCanada\" \/>\n<meta name=\"twitter:label1\" content=\"Dur\u00e9e de lecture estim\u00e9e\" \/>\n\t<meta name=\"twitter:data1\" content=\"1 minute\" \/>\n<script type=\"application\/ld+json\" class=\"yoast-schema-graph\">{\"@context\":\"https:\\\/\\\/schema.org\",\"@graph\":[{\"@type\":\"WebPage\",\"@id\":\"https:\\\/\\\/climateactionnetwork.ca\\\/fr\\\/staff\\\/matthew-brisbin\\\/\",\"url\":\"https:\\\/\\\/climateactionnetwork.ca\\\/fr\\\/staff\\\/matthew-brisbin\\\/\",\"name\":\"Matthew Brisbin - Climate Action Network Canada (CAN-Rac)\",\"isPartOf\":{\"@id\":\"https:\\\/\\\/climateactionnetwork.ca\\\/#website\"},\"primaryImageOfPage\":{\"@id\":\"https:\\\/\\\/climateactionnetwork.ca\\\/fr\\\/staff\\\/matthew-brisbin\\\/#primaryimage\"},\"image\":{\"@id\":\"https:\\\/\\\/climateactionnetwork.ca\\\/fr\\\/staff\\\/matthew-brisbin\\\/#primaryimage\"},\"thumbnailUrl\":\"https:\\\/\\\/climateactionnetwork.ca\\\/wp-content\\\/uploads\\\/Matthew.jpg\",\"datePublished\":\"2024-06-17T23:24:47+00:00\",\"dateModified\":\"2024-11-05T23:09:50+00:00\",\"breadcrumb\":{\"@id\":\"https:\\\/\\\/climateactionnetwork.ca\\\/fr\\\/staff\\\/matthew-brisbin\\\/#breadcrumb\"},\"inLanguage\":\"fr-FR\",\"potentialAction\":[{\"@type\":\"ReadAction\",\"target\":[\"https:\\\/\\\/climateactionnetwork.ca\\\/fr\\\/staff\\\/matthew-brisbin\\\/\"]}]},{\"@type\":\"ImageObject\",\"inLanguage\":\"fr-FR\",\"@id\":\"https:\\\/\\\/climateactionnetwork.ca\\\/fr\\\/staff\\\/matthew-brisbin\\\/#primaryimage\",\"url\":\"https:\\\/\\\/climateactionnetwork.ca\\\/wp-content\\\/uploads\\\/Matthew.jpg\",\"contentUrl\":\"https:\\\/\\\/climateactionnetwork.ca\\\/wp-content\\\/uploads\\\/Matthew.jpg\",\"width\":1485,\"height\":1485},{\"@type\":\"BreadcrumbList\",\"@id\":\"https:\\\/\\\/climateactionnetwork.ca\\\/fr\\\/staff\\\/matthew-brisbin\\\/#breadcrumb\",\"itemListElement\":[{\"@type\":\"ListItem\",\"position\":1,\"name\":\"Home\",\"item\":\"https:\\\/\\\/climateactionnetwork.ca\\\/fr\\\/\"},{\"@type\":\"ListItem\",\"position\":2,\"name\":\"Matthew Brisbin\"}]},{\"@type\":\"WebSite\",\"@id\":\"https:\\\/\\\/climateactionnetwork.ca\\\/#website\",\"url\":\"https:\\\/\\\/climateactionnetwork.ca\\\/\",\"name\":\"Climate Action Network Canada (CAN-Rac)\",\"description\":\"Climate Action Network Canada (CAN-Rac)\",\"publisher\":{\"@id\":\"https:\\\/\\\/climateactionnetwork.ca\\\/#organization\"},\"potentialAction\":[{\"@type\":\"SearchAction\",\"target\":{\"@type\":\"EntryPoint\",\"urlTemplate\":\"https:\\\/\\\/climateactionnetwork.ca\\\/?s={search_term_string}\"},\"query-input\":{\"@type\":\"PropertyValueSpecification\",\"valueRequired\":true,\"valueName\":\"search_term_string\"}}],\"inLanguage\":\"fr-FR\"},{\"@type\":\"Organization\",\"@id\":\"https:\\\/\\\/climateactionnetwork.ca\\\/#organization\",\"name\":\"Climate Action Network - R\u00e9seau action climat Canada\",\"alternateName\":\"CAN-Rac\",\"url\":\"https:\\\/\\\/climateactionnetwork.ca\\\/\",\"logo\":{\"@type\":\"ImageObject\",\"inLanguage\":\"fr-FR\",\"@id\":\"https:\\\/\\\/climateactionnetwork.ca\\\/#\\\/schema\\\/logo\\\/image\\\/\",\"url\":\"https:\\\/\\\/climateactionnetwork.ca\\\/wp-content\\\/uploads\\\/CAN-Rac-Canada-logo-cmyk-png-transparent.png\",\"contentUrl\":\"https:\\\/\\\/climateactionnetwork.ca\\\/wp-content\\\/uploads\\\/CAN-Rac-Canada-logo-cmyk-png-transparent.png\",\"width\":1181,\"height\":1181,\"caption\":\"Climate Action Network - R\u00e9seau action climat Canada\"},\"image\":{\"@id\":\"https:\\\/\\\/climateactionnetwork.ca\\\/#\\\/schema\\\/logo\\\/image\\\/\"},\"sameAs\":[\"https:\\\/\\\/www.facebook.com\\\/climate.action.network.canada\",\"https:\\\/\\\/x.com\\\/CANRacCanada\"]}]}<\/script>\n<!-- \/ Yoast SEO plugin. -->","yoast_head_json":{"title":"Matthew Brisbin - Climate Action Network Canada (CAN-Rac)","robots":{"index":"index","follow":"follow","max-snippet":"max-snippet:-1","max-image-preview":"max-image-preview:large","max-video-preview":"max-video-preview:-1"},"canonical":"https:\/\/climateactionnetwork.ca\/fr\/staff\/matthew-brisbin\/","og_locale":"fr_FR","og_type":"article","og_title":"Matthew Brisbin - Climate Action Network Canada (CAN-Rac)","og_description":"Matthew s&rsquo;est joint au R\u00e9seau action climat Canada en 2023, [&hellip;]","og_url":"https:\/\/climateactionnetwork.ca\/fr\/staff\/matthew-brisbin\/","og_site_name":"Climate Action Network Canada (CAN-Rac)","article_publisher":"https:\/\/www.facebook.com\/climate.action.network.canada","article_modified_time":"2024-11-05T23:09:50+00:00","og_image":[{"width":1485,"height":1485,"url":"https:\/\/climateactionnetwork.ca\/wp-content\/uploads\/Matthew.jpg","type":"image\/jpeg"}],"twitter_card":"summary_large_image","twitter_site":"@CANRacCanada","twitter_misc":{"Dur\u00e9e de lecture estim\u00e9e":"1 minute"},"schema":{"@context":"https:\/\/schema.org","@graph":[{"@type":"WebPage","@id":"https:\/\/climateactionnetwork.ca\/fr\/staff\/matthew-brisbin\/","url":"https:\/\/climateactionnetwork.ca\/fr\/staff\/matthew-brisbin\/","name":"Matthew Brisbin - Climate Action Network Canada (CAN-Rac)","isPartOf":{"@id":"https:\/\/climateactionnetwork.ca\/#website"},"primaryImageOfPage":{"@id":"https:\/\/climateactionnetwork.ca\/fr\/staff\/matthew-brisbin\/#primaryimage"},"image":{"@id":"https:\/\/climateactionnetwork.ca\/fr\/staff\/matthew-brisbin\/#primaryimage"},"thumbnailUrl":"https:\/\/climateactionnetwork.ca\/wp-content\/uploads\/Matthew.jpg","datePublished":"2024-06-17T23:24:47+00:00","dateModified":"2024-11-05T23:09:50+00:00","breadcrumb":{"@id":"https:\/\/climateactionnetwork.ca\/fr\/staff\/matthew-brisbin\/#breadcrumb"},"inLanguage":"fr-FR","potentialAction":[{"@type":"ReadAction","target":["https:\/\/climateactionnetwork.ca\/fr\/staff\/matthew-brisbin\/"]}]},{"@type":"ImageObject","inLanguage":"fr-FR","@id":"https:\/\/climateactionnetwork.ca\/fr\/staff\/matthew-brisbin\/#primaryimage","url":"https:\/\/climateactionnetwork.ca\/wp-content\/uploads\/Matthew.jpg","contentUrl":"https:\/\/climateactionnetwork.ca\/wp-content\/uploads\/Matthew.jpg","width":1485,"height":1485},{"@type":"BreadcrumbList","@id":"https:\/\/climateactionnetwork.ca\/fr\/staff\/matthew-brisbin\/#breadcrumb","itemListElement":[{"@type":"ListItem","position":1,"name":"Home","item":"https:\/\/climateactionnetwork.ca\/fr\/"},{"@type":"ListItem","position":2,"name":"Matthew Brisbin"}]},{"@type":"WebSite","@id":"https:\/\/climateactionnetwork.ca\/#website","url":"https:\/\/climateactionnetwork.ca\/","name":"Climate Action Network Canada (CAN-Rac)","description":"Climate Action Network Canada (CAN-Rac)","publisher":{"@id":"https:\/\/climateactionnetwork.ca\/#organization"},"potentialAction":[{"@type":"SearchAction","target":{"@type":"EntryPoint","urlTemplate":"https:\/\/climateactionnetwork.ca\/?s={search_term_string}"},"query-input":{"@type":"PropertyValueSpecification","valueRequired":true,"valueName":"search_term_string"}}],"inLanguage":"fr-FR"},{"@type":"Organization","@id":"https:\/\/climateactionnetwork.ca\/#organization","name":"Climate Action Network - R\u00e9seau action climat Canada","alternateName":"CAN-Rac","url":"https:\/\/climateactionnetwork.ca\/","logo":{"@type":"ImageObject","inLanguage":"fr-FR","@id":"https:\/\/climateactionnetwork.ca\/#\/schema\/logo\/image\/","url":"https:\/\/climateactionnetwork.ca\/wp-content\/uploads\/CAN-Rac-Canada-logo-cmyk-png-transparent.png","contentUrl":"https:\/\/climateactionnetwork.ca\/wp-content\/uploads\/CAN-Rac-Canada-logo-cmyk-png-transparent.png","width":1181,"height":1181,"caption":"Climate Action Network - R\u00e9seau action climat Canada"},"image":{"@id":"https:\/\/climateactionnetwork.ca\/#\/schema\/logo\/image\/"},"sameAs":["https:\/\/www.facebook.com\/climate.action.network.canada","https:\/\/x.com\/CANRacCanada"]}]}},"_links":{"self":[{"href":"https:\/\/climateactionnetwork.ca\/fr\/wp-json\/wp\/v2\/staff\/48601","targetHints":{"allow":["GET"]}}],"collection":[{"href":"https:\/\/climateactionnetwork.ca\/fr\/wp-json\/wp\/v2\/staff"}],"about":[{"href":"https:\/\/climateactionnetwork.ca\/fr\/wp-json\/wp\/v2\/types\/staff"}],"wp:featuredmedia":[{"embeddable":true,"href":"https:\/\/climateactionnetwork.ca\/fr\/wp-json\/wp\/v2\/media\/48952"}],"wp:attachment":[{"href":"https:\/\/climateactionnetwork.ca\/fr\/wp-json\/wp\/v2\/media?parent=48601"}],"curies":[{"name":"wp","href":"https:\/\/api.w.org\/{rel}","templated":true}]}}