{"id":48738,"date":"2024-07-16T16:12:53","date_gmt":"2024-07-16T20:12:53","guid":{"rendered":"https:\/\/climateactionnetwork.ca\/notre-travail\/action-concertee\/convergence-sur-laction-climatique-2024\/"},"modified":"2024-09-10T15:19:51","modified_gmt":"2024-09-10T19:19:51","slug":"convergence-sur-laction-climatique-2024","status":"publish","type":"page","link":"https:\/\/climateactionnetwork.ca\/fr\/notre-travail\/action-concertee\/convergence-sur-laction-climatique-2024\/","title":{"rendered":"Convergence sur l&rsquo;action climatique 2024"},"content":{"rendered":"<div class=\"fusion-fullwidth fullwidth-box fusion-builder-row-1 fusion-flex-container has-pattern-background has-mask-background nonhundred-percent-fullwidth non-hundred-percent-height-scrolling\" style=\"background-color: rgba(255,255,255,0);background-position: center center;background-repeat: no-repeat;border-width: 0px 0px 0px 0px;border-color:var(--awb-color3);border-style:solid;\" ><div class=\"fusion-builder-row fusion-row fusion-flex-align-items-flex-start\" style=\"max-width:1352px;margin-left: calc(-4% \/ 2 );margin-right: calc(-4% \/ 2 );\"><div class=\"fusion-layout-column fusion_builder_column fusion-builder-column-0 fusion_builder_column_1_1 1_1 fusion-flex-column\"><div class=\"fusion-column-wrapper fusion-flex-justify-content-flex-start fusion-content-layout-column\" style=\"background-position:left top;background-repeat:no-repeat;-webkit-background-size:cover;-moz-background-size:cover;-o-background-size:cover;background-size:cover;padding: 0px 0px 0px 0px;\"><div style=\"text-align:center;\"><span class=\" fusion-imageframe imageframe-none imageframe-1 hover-type-none\"><img decoding=\"async\" width=\"1024\" height=\"341\" title=\"Climate Action Convergence\" src=\"https:\/\/climateactionnetwork.ca\/wp-content\/uploads\/\/Climate-Action-Convergence-1-1024x341.png\" alt class=\"img-responsive wp-image-48733\" srcset=\"https:\/\/climateactionnetwork.ca\/wp-content\/uploads\/Climate-Action-Convergence-1-200x67.png 200w, https:\/\/climateactionnetwork.ca\/wp-content\/uploads\/Climate-Action-Convergence-1-400x133.png 400w, https:\/\/climateactionnetwork.ca\/wp-content\/uploads\/Climate-Action-Convergence-1-600x200.png 600w, https:\/\/climateactionnetwork.ca\/wp-content\/uploads\/Climate-Action-Convergence-1-800x267.png 800w, https:\/\/climateactionnetwork.ca\/wp-content\/uploads\/Climate-Action-Convergence-1-1200x400.png 1200w, https:\/\/climateactionnetwork.ca\/wp-content\/uploads\/Climate-Action-Convergence-1-e1721674447580.png 2700w\" sizes=\"(max-width: 800px) 100vw, 1024px\" \/><\/span><\/div><div class=\"fusion-countdown fusion-countdown-1 fusion-countdown-floated fusion-countdown-label-text_flow fusion-countdown-has-heading\"><div class=\"fusion-countdown-wrapper\"><style type=\"text\/css\">.fusion-countdown-1 {background-color:var(--awb-color4);margin-bottom:2%;}.fusion-countdown-1 .fusion-dash-wrapper{padding:5px;}.fusion-countdown-1 .fusion-countdown-counter-wrapper{margin:0 calc(7.5px - 5px);font-size:18px;color:var(--awb-color4);}.fusion-countdown-1 .fusion-dash{background-color:var(--awb-color1);padding:0.6em 1.1em 0.6em 1.1em;border-radius:4px;}.fusion-countdown-1 .fusion-dash.fusion-dash{border:0px solid var(--awb-color7);}.fusion-countdown-1 .fusion-dash-title{font-size:18px;color:var(--awb-color4);}.fusion-countdown-1 .fusion-countdown-heading{font-size:22;color:var(--awb-color1);}.fusion-countdown-1 .fusion-countdown-subheading{font-size:20;color:var(--awb-color1);}.fusion-countdown-1  .fusion-countdown-link{color:var(--awb-color1);}<\/style><div class=\"fusion-countdown-heading-wrapper\"><div class=\"fusion-countdown-subheading\">Maison Alcan, \u00e0 l'angle des rues Peel et Sherbrooke Ouest \u00e0 Montr\u00e9al<\/div><div class=\"fusion-countdown-heading\">Du 25 au 27 septembre 2024<\/div><\/div><div class=\"fusion-countdown-counter-wrapper\" id=\"fusion-countdown-1\" data-gmt-offset=\"-4\" data-timer=\"2024-09-25-09-00-00\" data-omit-weeks=\"1\"><div class=\"fusion-dash-wrapper \"><div class=\"fusion-dash fusion-dash-days\"><div class=\"fusion-digit-wrapper\"><div class=\"fusion-thousand-digit fusion-digit\">0<\/div><div class=\"fusion-hundred-digit fusion-digit\">0<\/div><div class=\"fusion-digit\">0<\/div><div class=\"fusion-digit\">0<\/div><\/div><div class=\"fusion-dash-title\">Days<\/div><\/div><\/div><div class=\"fusion-dash-wrapper \"><div class=\"fusion-dash fusion-dash-hours\"><div class=\"fusion-digit-wrapper\"><div class=\"fusion-digit\">0<\/div><div class=\"fusion-digit\">0<\/div><\/div><div class=\"fusion-dash-title\">Hrs<\/div><\/div><\/div><div class=\"fusion-dash-wrapper \"><div class=\"fusion-dash fusion-dash-minutes\"><div class=\"fusion-digit-wrapper\"><div class=\"fusion-digit\">0<\/div><div class=\"fusion-digit\">0<\/div><\/div><div class=\"fusion-dash-title\">Min<\/div><\/div><\/div><div class=\"fusion-dash-wrapper \"><div class=\"fusion-dash fusion-dash-seconds\"><div class=\"fusion-digit-wrapper\"><div class=\"fusion-digit\">0<\/div><div class=\"fusion-digit\">0<\/div><\/div><div class=\"fusion-dash-title\">Sec<\/div><\/div><\/div><\/div><\/div><\/div><div class=\"fusion-text fusion-text-1\"><p><span style=\"font-weight: 400;\">Rejoignez vos amis, camarades et coll\u00e8gues pour trois jours passionnants \u00e0 Montr\u00e9al alors que nous nous r\u00e9unissons en ce moment unique pour construire des relations et de la confiance entre les organisations, avoir de l&rsquo;espace pour apprendre et s\u2019am\u00e9liorer, et concevoir des plans strat\u00e9giques pour le mouvement climatique en vue des deux prochaines ann\u00e9es- qui seront certainement charni\u00e8res.<\/span><\/p>\n<p><span style=\"font-weight: 400;\">Au cours des ateliers, discussions, panels et pr\u00e9sentations, nous explorerons ensemble des conversations li\u00e9es aux \u00e9lections f\u00e9d\u00e9rales de 2025, au d\u00e9veloppement de coalitions, \u00e0 la justice climatique, la transition juste, la lutte contre l&rsquo;aust\u00e9rit\u00e9, la d\u00e9colonisation et la juste part du Canada dans l&rsquo;effort mondial visant \u00e0 limiter le r\u00e9chauffement \u00e0 1,5\u00b0C. Nous profiterons \u00e9galement de l&rsquo;occasion pour d\u00e9voiler la nouvelle Charte du R\u00e9seau action climat, un document fondamental auquel les membres adh\u00e8rent lorsqu&rsquo;ils se joignent au r\u00e9seau.<\/span><\/p>\n<p><span style=\"font-weight: 400;\">Nous esp\u00e9rons que votre exp\u00e9rience vous permettra d\u2019\u00eatre profond\u00e9ment engag\u00e9 dans le programme, avec des plans audacieux pour mettre en \u0153uvre les id\u00e9es discut\u00e9es et collaborer les uns avec les autres.<\/span><\/p>\n<\/div><div style=\"text-align:center;\"><style>.fusion-body .fusion-button.button-1{border-radius:4px 4px 4px 4px;}<\/style><a class=\"fusion-button button-flat fusion-button-default-size button-default button-1 fusion-button-default-span fusion-button-default-type\" target=\"_blank\" rel=\"noopener noreferrer\" href=\"https:\/\/climateactionconvergence.eventify.io\/t2\/register\/1804166819547668\" style=\"margin-top:2%;margin-bottom:2%;\"><span class=\"fusion-button-text\">S&rsquo;ENREGISTRER<\/span><\/a><\/div><style type=\"text\/css\">#accordion-48738-1 .fusion-panel:hover{ border-color: var(--awb-color3) } #accordion-48738-1 .fusion-panel { border-color:var(--awb-color3); }.fusion-accordian  #accordion-48738-1 .panel-title a .fa-fusion-box{ color: var(--awb-color1);}.fusion-accordian  #accordion-48738-1 .panel-title a .fa-fusion-box:before{ font-size: 16px; width: 16px;}.fusion-accordian  #accordion-48738-1 .panel-title a{font-size:var(--awb-typography2-font-size);text-transform:var(--awb-typography2-text-transform);line-height:var(--awb-typography2-line-height);letter-spacing:var(--awb-typography2-letter-spacing);color:var(--awb-color8);font-family:var(--awb-typography2-font-family);font-weight:var(--awb-typography2-font-weight);font-style:var(--awb-typography2-font-style);}.fusion-accordian  #accordion-48738-1 .toggle-content{font-size:20px;text-transform:var(--awb-typography4-text-transform);line-height:var(--awb-typography4-line-height);letter-spacing:var(--awb-typography4-letter-spacing);color:var(--awb-color6);font-family:var(--awb-typography4-font-family);font-weight:var(--awb-typography4-font-weight);font-style:var(--awb-typography4-font-style);}.fusion-accordian  #accordion-48738-1 .fa-fusion-box { background-color: var(--awb-color8);border-color: var(--awb-color8);}.fusion-accordian  #accordion-48738-1 .panel-title a:not(.active):hover, #accordion-48738-1 .fusion-toggle-boxed-mode:hover .panel-title a { color: var(--awb-color5);}.fusion-accordian  #accordion-48738-1 .panel-title .active .fa-fusion-box,.fusion-accordian  #accordion-48738-1 .panel-title a:not(.active):hover .fa-fusion-box { background-color: var(--awb-color5)!important;border-color: var(--awb-color5)!important;}<\/style><div class=\"accordian fusion-accordian\"><div class=\"panel-group\" id=\"accordion-48738-1\"><style type=\"text\/css\">.fusion-accordian  #accordion-48738-1 .panel-43b62ae83211a5aad .panel-title a{color:var(--awb-color8);}.fusion-accordian  #accordion-48738-1 .panel-43b62ae83211a5aad .toggle-content{color:var(--awb-color6);}<\/style><div class=\"fusion-panel panel-default panel-43b62ae83211a5aad fusion-toggle-no-divider\"><div class=\"panel-heading\"><h4 class=\"panel-title toggle\" id=\"toggle_43b62ae83211a5aad\"><a aria-expanded=\"false\" aria-controls=\"43b62ae83211a5aad\" role=\"button\" data-toggle=\"collapse\" data-target=\"#43b62ae83211a5aad\" href=\"#43b62ae83211a5aad\"><span class=\"fusion-toggle-icon-wrapper\" aria-hidden=\"true\"><i class=\"fa-fusion-box active-icon awb-icon-minus\" aria-hidden=\"true\"><\/i><i class=\"fa-fusion-box inactive-icon awb-icon-plus\" aria-hidden=\"true\"><\/i><\/span><span class=\"fusion-toggle-heading\">Programme<\/span><\/a><\/h4><\/div><div id=\"43b62ae83211a5aad\" class=\"panel-collapse collapse \" araia-labelledby=\"toggle_43b62ae83211a5aad\"><div class=\"panel-body toggle-content fusion-clearfix\">\n<h5><span style=\"font-weight: 400;\">Mercredi 25 septembre :\u00a0<\/span><\/h5>\n<ul>\n<li style=\"font-weight: 400;\" aria-level=\"1\"><span style=\"font-weight: 400;\">Ouverture des inscriptions \u00e0 8h30<\/span><\/li>\n<li style=\"font-weight: 400;\" aria-level=\"1\"><span style=\"font-weight: 400;\">Le programme commence \u00e0 9h30 &#8211; Cr\u00e9ation de coalitions avec The Organizing Centre<\/span><\/li>\n<li style=\"font-weight: 400;\" aria-level=\"1\"><span style=\"font-weight: 400;\">Mini 5 \u00e0 7 sur place<\/span><\/li>\n<li style=\"font-weight: 400;\" aria-level=\"1\"><span style=\"font-weight: 400;\">Discours principal de la soir\u00e9e \u00e0 18h00<\/span><\/li>\n<li style=\"font-weight: 400;\" aria-level=\"1\"><span style=\"font-weight: 400;\">D\u00e9but de la nuit !<\/span><\/li>\n<\/ul>\n<h5><span style=\"font-weight: 400;\">Jeudi 26 septembre :<\/span><\/h5>\n<ul>\n<li style=\"font-weight: 400;\" aria-level=\"1\"><span style=\"font-weight: 400;\">Ouverture des inscriptions \u00e0 8h30<\/span><\/li>\n<li style=\"font-weight: 400;\" aria-level=\"1\"><span style=\"font-weight: 400;\">Le programme commence \u00e0 9h30 &#8211; matin\u00e9e de panels et d&rsquo;ateliers, apr\u00e8s-midi de dialogue facilit\u00e9<\/span><\/li>\n<li style=\"font-weight: 400;\" aria-level=\"1\"><span style=\"font-weight: 400;\">R\u00e9ception sur place<\/span><\/li>\n<li style=\"font-weight: 400;\" aria-level=\"1\"><span style=\"font-weight: 400;\">Discours d&rsquo;ouverture de la soir\u00e9e \u00e0 18h00<\/span><\/li>\n<li style=\"font-weight: 400;\" aria-level=\"1\"><span style=\"font-weight: 400;\">Soir\u00e9e sociale \u00e0 d\u00e9terminer<\/span><\/li>\n<\/ul>\n<h5><span style=\"font-weight: 400;\">Vendredi 27 septembre :<\/span><\/h5>\n<ul>\n<li style=\"font-weight: 400;\" aria-level=\"1\"><span style=\"font-weight: 400;\">Ouverture des inscriptions \u00e0 8h30<\/span><\/li>\n<li style=\"font-weight: 400;\" aria-level=\"1\"><span style=\"font-weight: 400;\">Le programme commence \u00e0 9h30 &#8211; matin\u00e9e de discours et d&rsquo;ateliers, apr\u00e8s-midi de dialogue facilit\u00e9<\/span><\/li>\n<li style=\"font-weight: 400;\" aria-level=\"1\"><span style=\"font-weight: 400;\">Le programme s&rsquo;ach\u00e8ve \u00e0 16h30, ce qui laisse du temps pour une construction artistique autonome<\/span><\/li>\n<li style=\"font-weight: 400;\" aria-level=\"1\">6h00 &#8211; 8h00 <a href=\"https:\/\/www.facebook.com\/events\/982585846868063\">Manifestation pour le climat organis\u00e9e par la soci\u00e9t\u00e9 civile qu\u00e9b\u00e9coise<\/a><\/li>\n<\/ul>\n<p><img decoding=\"async\" class=\"alignnone size-large wp-image-48795\" src=\"https:\/\/climateactionnetwork.ca\/wp-content\/uploads\/Untitled-design-3-935x1024.png\" alt=\"\" width=\"935\" height=\"1024\" srcset=\"https:\/\/climateactionnetwork.ca\/wp-content\/uploads\/Untitled-design-3-200x219.png 200w, https:\/\/climateactionnetwork.ca\/wp-content\/uploads\/Untitled-design-3-274x300.png 274w, https:\/\/climateactionnetwork.ca\/wp-content\/uploads\/Untitled-design-3-400x438.png 400w, https:\/\/climateactionnetwork.ca\/wp-content\/uploads\/Untitled-design-3-600x657.png 600w, https:\/\/climateactionnetwork.ca\/wp-content\/uploads\/Untitled-design-3-768x841.png 768w, https:\/\/climateactionnetwork.ca\/wp-content\/uploads\/Untitled-design-3-800x876.png 800w, https:\/\/climateactionnetwork.ca\/wp-content\/uploads\/Untitled-design-3-935x1024.png 935w, https:\/\/climateactionnetwork.ca\/wp-content\/uploads\/Untitled-design-3-1200x1314.png 1200w, https:\/\/climateactionnetwork.ca\/wp-content\/uploads\/Untitled-design-3-1403x1536.png 1403w, https:\/\/climateactionnetwork.ca\/wp-content\/uploads\/Untitled-design-3-1870x2048.png 1870w\" sizes=\"(max-width: 935px) 100vw, 935px\" \/><\/p>\n<\/div><\/div><\/div><style type=\"text\/css\">.fusion-accordian  #accordion-48738-1 .panel-960b5dea69c9e29b4 .panel-title a{color:var(--awb-color8);}.fusion-accordian  #accordion-48738-1 .panel-960b5dea69c9e29b4 .toggle-content{color:var(--awb-color6);}<\/style><div class=\"fusion-panel panel-default panel-960b5dea69c9e29b4 fusion-toggle-no-divider\"><div class=\"panel-heading\"><h4 class=\"panel-title toggle\" id=\"toggle_960b5dea69c9e29b4\"><a aria-expanded=\"false\" aria-controls=\"960b5dea69c9e29b4\" role=\"button\" data-toggle=\"collapse\" data-target=\"#960b5dea69c9e29b4\" href=\"#960b5dea69c9e29b4\"><span class=\"fusion-toggle-icon-wrapper\" aria-hidden=\"true\"><i class=\"fa-fusion-box active-icon awb-icon-minus\" aria-hidden=\"true\"><\/i><i class=\"fa-fusion-box inactive-icon awb-icon-plus\" aria-hidden=\"true\"><\/i><\/span><span class=\"fusion-toggle-heading\">Co\u00fbt<\/span><\/a><\/h4><\/div><div id=\"960b5dea69c9e29b4\" class=\"panel-collapse collapse \" araia-labelledby=\"toggle_960b5dea69c9e29b4\"><div class=\"panel-body toggle-content fusion-clearfix\">\n<p><span style=\"font-weight: 400;\">Le prix d&rsquo;entr\u00e9e \u00e0 la Convergence pour l&rsquo;action climatique est d\u00e9gressif et s&rsquo;\u00e9chelonne de 0 \u00e0 400 dollars. Les liens de paiement seront envoy\u00e9s aux participants dans les deux jours ouvrables suivant l&rsquo;inscription, les participants \u00e9tant invit\u00e9s \u00e0 s&rsquo;auto-classer dans les niveaux de prix en fonction de leurs ressources organisationnelles et de leur capacit\u00e9 financi\u00e8re. Si vous avez besoin de ressources pour participer (que ce soit pour le voyage, l&rsquo;h\u00e9bergement, les repas, etc.), veuillez l&rsquo;indiquer au moment de l&rsquo;inscription et un membre de notre \u00e9quipe vous contactera.<\/span><\/p>\n<ul>\n<li style=\"font-weight: 400;\" aria-level=\"1\"><span style=\"font-weight: 400;\">Plein tarif (non-membres du r\u00e9seau, budget annuel de l&rsquo;organisation sup\u00e9rieur \u00e0 500 000$) : 400$<\/span><\/li>\n<li style=\"font-weight: 400;\" aria-level=\"1\"><span style=\"font-weight: 400;\">Plein tarif (membres du r\u00e9seau, budget annuel de l&rsquo;organisation sup\u00e9rieur \u00e0 500 000$) : 200$<\/span><\/li>\n<li style=\"font-weight: 400;\" aria-level=\"1\"><span style=\"font-weight: 400;\">Prix subventionn\u00e9 (non-membres du r\u00e9seau, budget annuel de l&rsquo;organisation compris entre 50 et 500 000$) : 100$<\/span><\/li>\n<li style=\"font-weight: 400;\" aria-level=\"1\"><span style=\"font-weight: 400;\">Prix subventionn\u00e9 (membres du r\u00e9seau, budget annuel de l&rsquo;organisation compris entre 50 et 500 000$) : 50$<\/span><\/li>\n<li style=\"font-weight: 400;\" aria-level=\"1\"><span style=\"font-weight: 400;\">Billet commandit\u00e9 (organisations \u00e0 faible budget\/non financ\u00e9es, communaut\u00e9s de base ou en qu\u00eate d&rsquo;\u00e9quit\u00e9) : 0$<\/span><\/li>\n<\/ul>\n<p><i><span style=\"font-weight: 400;\">Souhaitez-vous soutenir une organisation confront\u00e9e \u00e0 des obstacles pour participer \u00e0 la convergence? En parrainant une organisation sous-financ\u00e9e, votre contribution nous aidera \u00e0 assurer un acc\u00e8s \u00e9quitable \u00e0 cet \u00e9v\u00e9nement. Si le co\u00fbt d&rsquo;un billet suppl\u00e9mentaire est accessible \u00e0 vous et \u00e0 votre organisme, vous avez la possibilit\u00e9 de l&rsquo;ajouter \u00e0 votre commande au moment du paiement.<\/span><\/i><\/p>\n<\/div><\/div><\/div><style type=\"text\/css\">.fusion-accordian  #accordion-48738-1 .panel-783ce3c1645a9e252 .panel-title a{color:var(--awb-color8);}.fusion-accordian  #accordion-48738-1 .panel-783ce3c1645a9e252 .toggle-content{color:var(--awb-color6);}<\/style><div class=\"fusion-panel panel-default panel-783ce3c1645a9e252 fusion-toggle-no-divider\"><div class=\"panel-heading\"><h4 class=\"panel-title toggle\" id=\"toggle_783ce3c1645a9e252\"><a aria-expanded=\"false\" aria-controls=\"783ce3c1645a9e252\" role=\"button\" data-toggle=\"collapse\" data-target=\"#783ce3c1645a9e252\" href=\"#783ce3c1645a9e252\"><span class=\"fusion-toggle-icon-wrapper\" aria-hidden=\"true\"><i class=\"fa-fusion-box active-icon awb-icon-minus\" aria-hidden=\"true\"><\/i><i class=\"fa-fusion-box inactive-icon awb-icon-plus\" aria-hidden=\"true\"><\/i><\/span><span class=\"fusion-toggle-heading\">Lieu<\/span><\/a><\/h4><\/div><div id=\"783ce3c1645a9e252\" class=\"panel-collapse collapse \" araia-labelledby=\"toggle_783ce3c1645a9e252\"><div class=\"panel-body toggle-content fusion-clearfix\">\n<p><span style=\"font-weight: 400;\">Nous sommes ravis d&rsquo;organiser cet \u00e9v\u00e9nement au c\u0153ur du centre-ville de Montr\u00e9al, \u00e0 la Maison Alcan (qui n&rsquo;est plus affili\u00e9e \u00e0 la soci\u00e9t\u00e9 mini\u00e8re), situ\u00e9e \u00e0 l&rsquo;angle des rues Peel et Sherbrooke Ouest \u00e0 Montr\u00e9al.<\/span><\/p>\n<p><span style=\"font-weight: 400;\">Le lieu dispose d&rsquo;une salle pl\u00e9ni\u00e8re, d&rsquo;espaces pour les r\u00e9unions en petits groupes et d&rsquo;un restaurant sur place, le tout dans une atmosph\u00e8re intime, fra\u00eeche et conviviale. Pour plus d&rsquo;informations, veuillez consulter le site <\/span><a href=\"http:\/\/maisonalcan.com\"><span style=\"font-weight: 400;\">maisonalcan.com<\/span><\/a><\/p>\n<p><span style=\"font-weight: 400;\">Pour toute question concernant l&rsquo;accessibilit\u00e9 des lieux, veuillez contacter <\/span><a href=\"mailto:bravogalya@gmail.com\"><span style=\"font-weight: 400;\">Galya Bravo<\/span><\/a><span style=\"font-weight: 400;\"> et <\/span><a href=\"mailto:workingonitinfo@gmail.com\"><span style=\"font-weight: 400;\">Heather Brunet<\/span><\/a><span style=\"font-weight: 400;\">, nos coordinatrices de l&rsquo;accessibilit\u00e9 et de l&rsquo;exp\u00e9rience des participant.e.s.<\/span><\/p>\n<\/div><\/div><\/div><style type=\"text\/css\">.fusion-accordian  #accordion-48738-1 .panel-7facdbfc11afe29a8 .panel-title a{}.fusion-accordian  #accordion-48738-1 .panel-7facdbfc11afe29a8 .toggle-content{color:var(--awb-color6);}<\/style><div class=\"fusion-panel panel-default panel-7facdbfc11afe29a8 fusion-toggle-no-divider\"><div class=\"panel-heading\"><h4 class=\"panel-title toggle\" id=\"toggle_7facdbfc11afe29a8\"><a aria-expanded=\"false\" aria-controls=\"7facdbfc11afe29a8\" role=\"button\" data-toggle=\"collapse\" data-target=\"#7facdbfc11afe29a8\" href=\"#7facdbfc11afe29a8\"><span class=\"fusion-toggle-icon-wrapper\" aria-hidden=\"true\"><i class=\"fa-fusion-box active-icon awb-icon-minus\" aria-hidden=\"true\"><\/i><i class=\"fa-fusion-box inactive-icon awb-icon-plus\" aria-hidden=\"true\"><\/i><\/span><span class=\"fusion-toggle-heading\">Langues<\/span><\/a><\/h4><\/div><div id=\"7facdbfc11afe29a8\" class=\"panel-collapse collapse \" araia-labelledby=\"toggle_7facdbfc11afe29a8\"><div class=\"panel-body toggle-content fusion-clearfix\">\n<p><span style=\"font-weight: 400;\">En tant qu&rsquo;\u00e9v\u00e9nement bilingue, la Convergence pour l&rsquo;action climatique proposera une programmation en anglais et en fran\u00e7ais, avec interpr\u00e9tation sur place.<\/span><\/p>\n<\/div><\/div><\/div><style type=\"text\/css\">.fusion-accordian  #accordion-48738-1 .panel-6f2418f656c4724ee .panel-title a{}.fusion-accordian  #accordion-48738-1 .panel-6f2418f656c4724ee .toggle-content{color:var(--awb-color6);}<\/style><div class=\"fusion-panel panel-default panel-6f2418f656c4724ee fusion-toggle-no-divider\"><div class=\"panel-heading\"><h4 class=\"panel-title toggle\" id=\"toggle_6f2418f656c4724ee\"><a aria-expanded=\"false\" aria-controls=\"6f2418f656c4724ee\" role=\"button\" data-toggle=\"collapse\" data-target=\"#6f2418f656c4724ee\" href=\"#6f2418f656c4724ee\"><span class=\"fusion-toggle-icon-wrapper\" aria-hidden=\"true\"><i class=\"fa-fusion-box active-icon awb-icon-minus\" aria-hidden=\"true\"><\/i><i class=\"fa-fusion-box inactive-icon awb-icon-plus\" aria-hidden=\"true\"><\/i><\/span><span class=\"fusion-toggle-heading\">Contact<\/span><\/a><\/h4><\/div><div id=\"6f2418f656c4724ee\" class=\"panel-collapse collapse \" araia-labelledby=\"toggle_6f2418f656c4724ee\"><div class=\"panel-body toggle-content fusion-clearfix\">\n<ul>\n<li style=\"font-weight: 400;\" aria-level=\"1\"><span style=\"font-weight: 400;\">Demandes de renseignements g\u00e9n\u00e9raux : <\/span><a href=\"mailto:melodyadejugbagbe@climateactionnetwork.ca\"><span style=\"font-weight: 400;\">Melody Adejugbagbe<\/span><\/a><\/li>\n<li style=\"font-weight: 400;\" aria-level=\"1\"><span style=\"font-weight: 400;\">Besoins en mati\u00e8re d&rsquo;accessibilit\u00e9 : <\/span><a href=\"mailto:bravogalya@gmail.com\"><span style=\"font-weight: 400;\">Galya Bravo<\/span><\/a><span style=\"font-weight: 400;\"> et <\/span><a href=\"mailto:workingonitinfo@gmail.com\"><span style=\"font-weight: 400;\">Heather Brunet<\/span><\/a><\/li>\n<li style=\"font-weight: 400;\" aria-level=\"1\"><span style=\"font-weight: 400;\">Paiement : <\/span><a href=\"mailto:matthewbrisbin@climateactionnetwork.ca\"><span style=\"font-weight: 400;\">Matthew Brisbin<\/span><\/a><\/li>\n<\/ul>\n<\/div><\/div><\/div><\/div><\/div><\/div><style type=\"text\/css\">.fusion-body .fusion-builder-column-0{width:100% !important;margin-top : 0px;margin-bottom : 20px;}.fusion-builder-column-0 > .fusion-column-wrapper {padding-top : 0px !important;padding-right : 0px !important;margin-right : 1.92%;padding-bottom : 0px !important;padding-left : 0px !important;margin-left : 1.92%;}@media only screen and (max-width:1024px) {.fusion-body .fusion-builder-column-0{width:100% !important;order : 0;}.fusion-builder-column-0 > .fusion-column-wrapper {margin-right : 1.92%;margin-left : 1.92%;}}@media only screen and (max-width:800px) {.fusion-body .fusion-builder-column-0{width:100% !important;order : 0;}.fusion-builder-column-0 > .fusion-column-wrapper {margin-right : 1.92%;margin-left : 1.92%;}}<\/style><\/div><\/div><style type=\"text\/css\">.fusion-body .fusion-flex-container.fusion-builder-row-1{ padding-top : 0px;margin-top : 0px;padding-right : 0px;padding-bottom : 0px;margin-bottom : 0px;padding-left : 0px;}<\/style><\/div>\n","protected":false},"excerpt":{"rendered":"","protected":false},"author":12,"featured_media":0,"parent":46299,"menu_order":0,"comment_status":"closed","ping_status":"closed","template":"","meta":{"inline_featured_image":false,"footnotes":"","_wp_rev_ctl_limit":""},"class_list":["post-48738","page","type-page","status-publish","hentry"],"acf":[],"yoast_head":"<!-- This site is optimized with the Yoast SEO plugin v27.3 - https:\/\/yoast.com\/product\/yoast-seo-wordpress\/ -->\n<title>Convergence sur l&#039;action climatique 2024 - Climate Action Network Canada (CAN-Rac)<\/title>\n<meta name=\"robots\" content=\"index, follow, max-snippet:-1, max-image-preview:large, max-video-preview:-1\" \/>\n<link rel=\"canonical\" href=\"https:\/\/climateactionnetwork.ca\/fr\/notre-travail\/action-concertee\/convergence-sur-laction-climatique-2024\/\" \/>\n<meta property=\"og:locale\" content=\"fr_FR\" \/>\n<meta property=\"og:type\" content=\"article\" \/>\n<meta property=\"og:title\" content=\"Convergence sur l&#039;action climatique 2024 - Climate Action Network Canada (CAN-Rac)\" \/>\n<meta property=\"og:url\" content=\"https:\/\/climateactionnetwork.ca\/fr\/notre-travail\/action-concertee\/convergence-sur-laction-climatique-2024\/\" \/>\n<meta property=\"og:site_name\" content=\"Climate Action Network Canada (CAN-Rac)\" \/>\n<meta property=\"article:publisher\" content=\"https:\/\/www.facebook.com\/climate.action.network.canada\" \/>\n<meta property=\"article:modified_time\" content=\"2024-09-10T19:19:51+00:00\" \/>\n<meta property=\"og:image\" content=\"https:\/\/climateactionnetwork.ca\/wp-content\/uploads\/Untitled-design-3-935x1024.png\" \/>\n<meta name=\"twitter:card\" content=\"summary_large_image\" \/>\n<meta name=\"twitter:site\" content=\"@CANRacCanada\" \/>\n<meta name=\"twitter:label1\" content=\"Dur\u00e9e de lecture estim\u00e9e\" \/>\n\t<meta name=\"twitter:data1\" content=\"6 minutes\" \/>\n<script type=\"application\/ld+json\" class=\"yoast-schema-graph\">{\"@context\":\"https:\\\/\\\/schema.org\",\"@graph\":[{\"@type\":\"WebPage\",\"@id\":\"https:\\\/\\\/climateactionnetwork.ca\\\/fr\\\/notre-travail\\\/action-concertee\\\/convergence-sur-laction-climatique-2024\\\/\",\"url\":\"https:\\\/\\\/climateactionnetwork.ca\\\/fr\\\/notre-travail\\\/action-concertee\\\/convergence-sur-laction-climatique-2024\\\/\",\"name\":\"Convergence sur l'action climatique 2024 - Climate Action Network Canada (CAN-Rac)\",\"isPartOf\":{\"@id\":\"https:\\\/\\\/climateactionnetwork.ca\\\/#website\"},\"primaryImageOfPage\":{\"@id\":\"https:\\\/\\\/climateactionnetwork.ca\\\/fr\\\/notre-travail\\\/action-concertee\\\/convergence-sur-laction-climatique-2024\\\/#primaryimage\"},\"image\":{\"@id\":\"https:\\\/\\\/climateactionnetwork.ca\\\/fr\\\/notre-travail\\\/action-concertee\\\/convergence-sur-laction-climatique-2024\\\/#primaryimage\"},\"thumbnailUrl\":\"https:\\\/\\\/climateactionnetwork.ca\\\/wp-content\\\/uploads\\\/Untitled-design-3-935x1024.png\",\"datePublished\":\"2024-07-16T20:12:53+00:00\",\"dateModified\":\"2024-09-10T19:19:51+00:00\",\"breadcrumb\":{\"@id\":\"https:\\\/\\\/climateactionnetwork.ca\\\/fr\\\/notre-travail\\\/action-concertee\\\/convergence-sur-laction-climatique-2024\\\/#breadcrumb\"},\"inLanguage\":\"fr-FR\",\"potentialAction\":[{\"@type\":\"ReadAction\",\"target\":[\"https:\\\/\\\/climateactionnetwork.ca\\\/fr\\\/notre-travail\\\/action-concertee\\\/convergence-sur-laction-climatique-2024\\\/\"]}]},{\"@type\":\"ImageObject\",\"inLanguage\":\"fr-FR\",\"@id\":\"https:\\\/\\\/climateactionnetwork.ca\\\/fr\\\/notre-travail\\\/action-concertee\\\/convergence-sur-laction-climatique-2024\\\/#primaryimage\",\"url\":\"https:\\\/\\\/climateactionnetwork.ca\\\/wp-content\\\/uploads\\\/Untitled-design-3-935x1024.png\",\"contentUrl\":\"https:\\\/\\\/climateactionnetwork.ca\\\/wp-content\\\/uploads\\\/Untitled-design-3-935x1024.png\"},{\"@type\":\"BreadcrumbList\",\"@id\":\"https:\\\/\\\/climateactionnetwork.ca\\\/fr\\\/notre-travail\\\/action-concertee\\\/convergence-sur-laction-climatique-2024\\\/#breadcrumb\",\"itemListElement\":[{\"@type\":\"ListItem\",\"position\":1,\"name\":\"Home\",\"item\":\"https:\\\/\\\/climateactionnetwork.ca\\\/fr\\\/\"},{\"@type\":\"ListItem\",\"position\":2,\"name\":\"Notre travail\",\"item\":\"https:\\\/\\\/climateactionnetwork.ca\\\/fr\\\/notre-travail\\\/\"},{\"@type\":\"ListItem\",\"position\":3,\"name\":\"Action concert\u00e9e\",\"item\":\"https:\\\/\\\/climateactionnetwork.ca\\\/fr\\\/notre-travail\\\/action-concertee\\\/\"},{\"@type\":\"ListItem\",\"position\":4,\"name\":\"Convergence sur l&#8217;action climatique 2024\"}]},{\"@type\":\"WebSite\",\"@id\":\"https:\\\/\\\/climateactionnetwork.ca\\\/#website\",\"url\":\"https:\\\/\\\/climateactionnetwork.ca\\\/\",\"name\":\"Climate Action Network Canada (CAN-Rac)\",\"description\":\"Climate Action Network Canada (CAN-Rac)\",\"publisher\":{\"@id\":\"https:\\\/\\\/climateactionnetwork.ca\\\/#organization\"},\"potentialAction\":[{\"@type\":\"SearchAction\",\"target\":{\"@type\":\"EntryPoint\",\"urlTemplate\":\"https:\\\/\\\/climateactionnetwork.ca\\\/?s={search_term_string}\"},\"query-input\":{\"@type\":\"PropertyValueSpecification\",\"valueRequired\":true,\"valueName\":\"search_term_string\"}}],\"inLanguage\":\"fr-FR\"},{\"@type\":\"Organization\",\"@id\":\"https:\\\/\\\/climateactionnetwork.ca\\\/#organization\",\"name\":\"Climate Action Network - R\u00e9seau action climat Canada\",\"alternateName\":\"CAN-Rac\",\"url\":\"https:\\\/\\\/climateactionnetwork.ca\\\/\",\"logo\":{\"@type\":\"ImageObject\",\"inLanguage\":\"fr-FR\",\"@id\":\"https:\\\/\\\/climateactionnetwork.ca\\\/#\\\/schema\\\/logo\\\/image\\\/\",\"url\":\"https:\\\/\\\/climateactionnetwork.ca\\\/wp-content\\\/uploads\\\/CAN-Rac-Canada-logo-cmyk-png-transparent.png\",\"contentUrl\":\"https:\\\/\\\/climateactionnetwork.ca\\\/wp-content\\\/uploads\\\/CAN-Rac-Canada-logo-cmyk-png-transparent.png\",\"width\":1181,\"height\":1181,\"caption\":\"Climate Action Network - R\u00e9seau action climat Canada\"},\"image\":{\"@id\":\"https:\\\/\\\/climateactionnetwork.ca\\\/#\\\/schema\\\/logo\\\/image\\\/\"},\"sameAs\":[\"https:\\\/\\\/www.facebook.com\\\/climate.action.network.canada\",\"https:\\\/\\\/x.com\\\/CANRacCanada\"]}]}<\/script>\n<!-- \/ Yoast SEO plugin. -->","yoast_head_json":{"title":"Convergence sur l'action climatique 2024 - Climate Action Network Canada (CAN-Rac)","robots":{"index":"index","follow":"follow","max-snippet":"max-snippet:-1","max-image-preview":"max-image-preview:large","max-video-preview":"max-video-preview:-1"},"canonical":"https:\/\/climateactionnetwork.ca\/fr\/notre-travail\/action-concertee\/convergence-sur-laction-climatique-2024\/","og_locale":"fr_FR","og_type":"article","og_title":"Convergence sur l'action climatique 2024 - Climate Action Network Canada (CAN-Rac)","og_url":"https:\/\/climateactionnetwork.ca\/fr\/notre-travail\/action-concertee\/convergence-sur-laction-climatique-2024\/","og_site_name":"Climate Action Network Canada (CAN-Rac)","article_publisher":"https:\/\/www.facebook.com\/climate.action.network.canada","article_modified_time":"2024-09-10T19:19:51+00:00","og_image":[{"url":"https:\/\/climateactionnetwork.ca\/wp-content\/uploads\/Untitled-design-3-935x1024.png","type":"","width":"","height":""}],"twitter_card":"summary_large_image","twitter_site":"@CANRacCanada","twitter_misc":{"Dur\u00e9e de lecture estim\u00e9e":"6 minutes"},"schema":{"@context":"https:\/\/schema.org","@graph":[{"@type":"WebPage","@id":"https:\/\/climateactionnetwork.ca\/fr\/notre-travail\/action-concertee\/convergence-sur-laction-climatique-2024\/","url":"https:\/\/climateactionnetwork.ca\/fr\/notre-travail\/action-concertee\/convergence-sur-laction-climatique-2024\/","name":"Convergence sur l'action climatique 2024 - Climate Action Network Canada (CAN-Rac)","isPartOf":{"@id":"https:\/\/climateactionnetwork.ca\/#website"},"primaryImageOfPage":{"@id":"https:\/\/climateactionnetwork.ca\/fr\/notre-travail\/action-concertee\/convergence-sur-laction-climatique-2024\/#primaryimage"},"image":{"@id":"https:\/\/climateactionnetwork.ca\/fr\/notre-travail\/action-concertee\/convergence-sur-laction-climatique-2024\/#primaryimage"},"thumbnailUrl":"https:\/\/climateactionnetwork.ca\/wp-content\/uploads\/Untitled-design-3-935x1024.png","datePublished":"2024-07-16T20:12:53+00:00","dateModified":"2024-09-10T19:19:51+00:00","breadcrumb":{"@id":"https:\/\/climateactionnetwork.ca\/fr\/notre-travail\/action-concertee\/convergence-sur-laction-climatique-2024\/#breadcrumb"},"inLanguage":"fr-FR","potentialAction":[{"@type":"ReadAction","target":["https:\/\/climateactionnetwork.ca\/fr\/notre-travail\/action-concertee\/convergence-sur-laction-climatique-2024\/"]}]},{"@type":"ImageObject","inLanguage":"fr-FR","@id":"https:\/\/climateactionnetwork.ca\/fr\/notre-travail\/action-concertee\/convergence-sur-laction-climatique-2024\/#primaryimage","url":"https:\/\/climateactionnetwork.ca\/wp-content\/uploads\/Untitled-design-3-935x1024.png","contentUrl":"https:\/\/climateactionnetwork.ca\/wp-content\/uploads\/Untitled-design-3-935x1024.png"},{"@type":"BreadcrumbList","@id":"https:\/\/climateactionnetwork.ca\/fr\/notre-travail\/action-concertee\/convergence-sur-laction-climatique-2024\/#breadcrumb","itemListElement":[{"@type":"ListItem","position":1,"name":"Home","item":"https:\/\/climateactionnetwork.ca\/fr\/"},{"@type":"ListItem","position":2,"name":"Notre travail","item":"https:\/\/climateactionnetwork.ca\/fr\/notre-travail\/"},{"@type":"ListItem","position":3,"name":"Action concert\u00e9e","item":"https:\/\/climateactionnetwork.ca\/fr\/notre-travail\/action-concertee\/"},{"@type":"ListItem","position":4,"name":"Convergence sur l&#8217;action climatique 2024"}]},{"@type":"WebSite","@id":"https:\/\/climateactionnetwork.ca\/#website","url":"https:\/\/climateactionnetwork.ca\/","name":"Climate Action Network Canada (CAN-Rac)","description":"Climate Action Network Canada (CAN-Rac)","publisher":{"@id":"https:\/\/climateactionnetwork.ca\/#organization"},"potentialAction":[{"@type":"SearchAction","target":{"@type":"EntryPoint","urlTemplate":"https:\/\/climateactionnetwork.ca\/?s={search_term_string}"},"query-input":{"@type":"PropertyValueSpecification","valueRequired":true,"valueName":"search_term_string"}}],"inLanguage":"fr-FR"},{"@type":"Organization","@id":"https:\/\/climateactionnetwork.ca\/#organization","name":"Climate Action Network - R\u00e9seau action climat Canada","alternateName":"CAN-Rac","url":"https:\/\/climateactionnetwork.ca\/","logo":{"@type":"ImageObject","inLanguage":"fr-FR","@id":"https:\/\/climateactionnetwork.ca\/#\/schema\/logo\/image\/","url":"https:\/\/climateactionnetwork.ca\/wp-content\/uploads\/CAN-Rac-Canada-logo-cmyk-png-transparent.png","contentUrl":"https:\/\/climateactionnetwork.ca\/wp-content\/uploads\/CAN-Rac-Canada-logo-cmyk-png-transparent.png","width":1181,"height":1181,"caption":"Climate Action Network - R\u00e9seau action climat Canada"},"image":{"@id":"https:\/\/climateactionnetwork.ca\/#\/schema\/logo\/image\/"},"sameAs":["https:\/\/www.facebook.com\/climate.action.network.canada","https:\/\/x.com\/CANRacCanada"]}]}},"_links":{"self":[{"href":"https:\/\/climateactionnetwork.ca\/fr\/wp-json\/wp\/v2\/pages\/48738","targetHints":{"allow":["GET"]}}],"collection":[{"href":"https:\/\/climateactionnetwork.ca\/fr\/wp-json\/wp\/v2\/pages"}],"about":[{"href":"https:\/\/climateactionnetwork.ca\/fr\/wp-json\/wp\/v2\/types\/page"}],"author":[{"embeddable":true,"href":"https:\/\/climateactionnetwork.ca\/fr\/wp-json\/wp\/v2\/users\/12"}],"replies":[{"embeddable":true,"href":"https:\/\/climateactionnetwork.ca\/fr\/wp-json\/wp\/v2\/comments?post=48738"}],"version-history":[{"count":10,"href":"https:\/\/climateactionnetwork.ca\/fr\/wp-json\/wp\/v2\/pages\/48738\/revisions"}],"predecessor-version":[{"id":48797,"href":"https:\/\/climateactionnetwork.ca\/fr\/wp-json\/wp\/v2\/pages\/48738\/revisions\/48797"}],"up":[{"embeddable":true,"href":"https:\/\/climateactionnetwork.ca\/fr\/wp-json\/wp\/v2\/pages\/46299"}],"wp:attachment":[{"href":"https:\/\/climateactionnetwork.ca\/fr\/wp-json\/wp\/v2\/media?parent=48738"}],"curies":[{"name":"wp","href":"https:\/\/api.w.org\/{rel}","templated":true}]}}