{"id":46293,"date":"2022-03-07T15:51:45","date_gmt":"2022-03-07T15:51:45","guid":{"rendered":"https:\/\/climateactionnetwork.ca\/notre-travail\/politique-nationale\/"},"modified":"2022-08-29T19:54:52","modified_gmt":"2022-08-29T19:54:52","slug":"politique-nationale","status":"publish","type":"page","link":"https:\/\/climateactionnetwork.ca\/fr\/notre-travail\/politique-nationale\/","title":{"rendered":"Politique nationale"},"content":{"rendered":"<p><div class=\"fusion-fullwidth fullwidth-box fusion-builder-row-1 fusion-flex-container breadcrumb-wrapper nonhundred-percent-fullwidth non-hundred-percent-height-scrolling\" style=\"background-color: rgba(255,255,255,0);background-position: center center;background-repeat: no-repeat;border-width: 0px 0px 0px 0px;border-color:var(--awb-color3);border-style:solid;\" ><div class=\"fusion-builder-row fusion-row fusion-flex-align-items-flex-start\" style=\"max-width:1352px;margin-left: calc(-4% \/ 2 );margin-right: calc(-4% \/ 2 );\"><div class=\"fusion-layout-column fusion_builder_column fusion-builder-column-0 fusion_builder_column_1_1 1_1 fusion-flex-column\"><div class=\"fusion-column-wrapper fusion-flex-justify-content-flex-start fusion-content-layout-column\" style=\"background-position:left top;background-repeat:no-repeat;-webkit-background-size:cover;-moz-background-size:cover;-o-background-size:cover;background-size:cover;padding: 2rem 0px 0px 0px;\"><style type=\"text\/css\">.fusion-breadcrumbs.fusion-breadcrumbs-1{font-size:14px;}.fusion-breadcrumbs.fusion-breadcrumbs-1 span a:hover{color:var(--awb-color4) !important;}.fusion-breadcrumbs.fusion-breadcrumbs-1{color:var(--awb-color6);}.fusion-breadcrumbs.fusion-breadcrumbs-1 a{color:var(--awb-color6);}<\/style><div class=\"fusion-breadcrumbs fusion-breadcrumbs-1\"><span><span><a href=\"https:\/\/climateactionnetwork.ca\/fr\/\">Home<\/a><\/span><\/span><\/div><div class=\"fusion-separator fusion-full-width-sep\" style=\"align-self: center;margin-left: auto;margin-right: auto;width:100%;\"><div class=\"fusion-separator-border sep-single\" style=\"border-color:var(--awb-color2);border-top-width:1px;\"><\/div><\/div><\/div><style type=\"text\/css\">.fusion-body .fusion-builder-column-0{width:100% !important;margin-top : 0px;margin-bottom : 0px;}.fusion-builder-column-0 > .fusion-column-wrapper {padding-top : 2rem !important;padding-right : 0px !important;margin-right : 1.92%;padding-bottom : 0 !important;padding-left : 0px !important;margin-left : 1.92%;}@media only screen and (max-width:1024px) {.fusion-body .fusion-builder-column-0{width:100% !important;order : 0;}.fusion-builder-column-0 > .fusion-column-wrapper {margin-right : 1.92%;margin-left : 1.92%;}}@media only screen and (max-width:800px) {.fusion-body .fusion-builder-column-0{width:100% !important;order : 0;}.fusion-builder-column-0 > .fusion-column-wrapper {margin-right : 1.92%;margin-left : 1.92%;}}<\/style><\/div><\/div><style type=\"text\/css\">.fusion-body .fusion-flex-container.fusion-builder-row-1{ padding-top : 0px;margin-top : 0;padding-right : 0px;padding-bottom : 0px;margin-bottom : 0px;padding-left : 0px;}<\/style><\/div>\n<div class=\"fusion-fullwidth fullwidth-box fusion-builder-row-2 fusion-flex-container fusion-parallax-none nonhundred-percent-fullwidth non-hundred-percent-height-scrolling\" style=\"background-color: rgba(255,255,255,0);background-image: url(&quot;https:\/\/climateactionnetwork.ca\/wp-content\/uploads\/swoosh_16.png&quot;);background-position: center center;background-repeat: no-repeat;border-width: 0px 0px 0px 0px;border-color:var(--awb-color3);border-style:solid;-webkit-background-size:cover;-moz-background-size:cover;-o-background-size:cover;background-size:cover;\" ><div class=\"fusion-builder-row fusion-row fusion-flex-align-items-flex-start\" style=\"max-width:1352px;margin-left: calc(-4% \/ 2 );margin-right: calc(-4% \/ 2 );\"><div class=\"fusion-layout-column fusion_builder_column fusion-builder-column-1 fusion_builder_column_1_1 1_1 fusion-flex-column\"><div class=\"fusion-column-wrapper fusion-flex-justify-content-flex-start fusion-content-layout-column\" style=\"background-position:left top;background-repeat:no-repeat;-webkit-background-size:cover;-moz-background-size:cover;-o-background-size:cover;background-size:cover;padding: 0px 0px 0px 0px;\"><style type=\"text\/css\">@media only screen and (max-width:1024px) {.fusion-title.fusion-title-1{margin-top:10px!important; margin-right:0px!important;margin-bottom:15px!important;margin-left:0px!important;}}@media only screen and (max-width:800px) {.fusion-title.fusion-title-1{margin-top:10px!important; margin-right:0px!important;margin-bottom:10px!important; margin-left:0px!important;}}<\/style><div class=\"fusion-title title fusion-title-1 fusion-sep-none fusion-title-text fusion-title-size-one\" style=\"margin-top:10px;margin-right:0px;margin-bottom:15px;margin-left:0px;\"><h1 class=\"title-heading-left\" style=\"margin:0;color:#252525;\">Le Canada est \u00e0 un moment charni\u00e8re de ses politiques climatiques.<\/h1><\/div><style type=\"text\/css\">@media only screen and (max-width:1024px) {.fusion-title.fusion-title-2{margin-top:10px!important; margin-right:0px!important;margin-bottom:15px!important;margin-left:0px!important;}}@media only screen and (max-width:800px) {.fusion-title.fusion-title-2{margin-top:10px!important; margin-right:0px!important;margin-bottom:10px!important; margin-left:0px!important;}}<\/style><div class=\"fusion-title title fusion-title-2 fusion-sep-none fusion-title-text fusion-title-size-three\" style=\"font-size:32px;margin-top:10px;margin-right:0px;margin-bottom:15px;margin-left:0px;\"><h3 class=\"title-heading-left\" style=\"margin:0;font-size:1em;color:#252525;\">Des si\u00e8cles d\u2019extraction des richesses naturelles et de mentalit\u00e9s coloniales ont mis nos communaut\u00e9s en danger et cr\u00e9\u00e9 de profondes injustices dans notre soci\u00e9t\u00e9.<\/h3><\/div><\/div><style type=\"text\/css\">.fusion-body .fusion-builder-column-1{width:100% !important;margin-top : 0px;margin-bottom : 20px;}.fusion-builder-column-1 > .fusion-column-wrapper {padding-top : 0px !important;padding-right : 0px !important;margin-right : 1.92%;padding-bottom : 0px !important;padding-left : 0px !important;margin-left : 1.92%;}@media only screen and (max-width:1024px) {.fusion-body .fusion-builder-column-1{width:100% !important;order : 0;}.fusion-builder-column-1 > .fusion-column-wrapper {margin-right : 1.92%;margin-left : 1.92%;}}@media only screen and (max-width:800px) {.fusion-body .fusion-builder-column-1{width:100% !important;order : 0;}.fusion-builder-column-1 > .fusion-column-wrapper {margin-right : 1.92%;margin-left : 1.92%;}}<\/style><\/div><\/div><style type=\"text\/css\">.fusion-body .fusion-flex-container.fusion-builder-row-2{ padding-top : 80px;margin-top : 0px;padding-right : 0px;padding-bottom : 0px;margin-bottom : 0px;padding-left : 0px;}<\/style><\/div><div class=\"fusion-fullwidth fullwidth-box fusion-builder-row-3 fusion-flex-container nonhundred-percent-fullwidth non-hundred-percent-height-scrolling\" style=\"background-color: rgba(255,255,255,0);background-position: center center;background-repeat: no-repeat;border-width: 0px 0px 0px 0px;border-color:var(--awb-color3);border-style:solid;\" ><div class=\"fusion-builder-row fusion-row fusion-flex-align-items-flex-start\" style=\"max-width:1352px;margin-left: calc(-4% \/ 2 );margin-right: calc(-4% \/ 2 );\"><div class=\"fusion-layout-column fusion_builder_column fusion-builder-column-2 fusion_builder_column_1_1 1_1 fusion-flex-column\"><div class=\"fusion-column-wrapper fusion-flex-justify-content-flex-start fusion-content-layout-column\" style=\"background-position:left top;background-repeat:no-repeat;-webkit-background-size:cover;-moz-background-size:cover;-o-background-size:cover;background-size:cover;padding: 0px 0px 0px 0px;\"><div class=\"fusion-text fusion-text-1\" style=\"text-transform:none;\"><p>Les Canadiens veulent que nos autorit\u00e9s agissent, mais nos gouvernements ont une triste tradition de promesses climatiques non tenues.<\/p>\n<p>Il est temps de mettre fin \u00e0 cette mauvaise r\u00e9putation et de donner la priorit\u00e9 aux personnes et \u00e0 la plan\u00e8te.<\/p>\n<p>Avec de bonnes politiques et de bons plans, nous pouvons nous \u00e9loigner des combustibles fossiles polluants dans le cadre d\u2019une transition juste pour les travailleurs et les communaut\u00e9s vers une soci\u00e9t\u00e9 bas\u00e9e sur des \u00e9nergies propres et renouvelables comme le vent et le soleil. Nous pouvons cr\u00e9er des communaut\u00e9s plus saines et plus r\u00e9silientes, un air et une eau plus propres, des transports plus efficaces, de meilleurs emplois, une \u00e9conomie plus forte et une soci\u00e9t\u00e9 plus juste et plus solidaire.<\/p>\n<p>Pour y arriver, il faut \u00e9couter les scientifiques et ceux qui sont en premi\u00e8re ligne de la crise climatique.<\/p>\n<p>Notre travail transcende les partis politiques de sorte \u00e0 cr\u00e9er un espace politique et faire pression pour des actions climatiques fortes. Nous cr\u00e9ons des consensus sur les enjeux politiques, nous coordonnons des actions de lobbying et nous fournissons au gouvernement des conseils cr\u00e9dibles qui s\u2019appuient sur la force de notre r\u00e9seau.<\/p>\n<\/div><\/div><style type=\"text\/css\">.fusion-body .fusion-builder-column-2{width:100% !important;margin-top : 0px;margin-bottom : 20px;}.fusion-builder-column-2 > .fusion-column-wrapper {padding-top : 0px !important;padding-right : 0px !important;margin-right : 1.92%;padding-bottom : 0px !important;padding-left : 0px !important;margin-left : 1.92%;}@media only screen and (max-width:1024px) {.fusion-body .fusion-builder-column-2{width:100% !important;order : 0;}.fusion-builder-column-2 > .fusion-column-wrapper {margin-right : 1.92%;margin-left : 1.92%;}}@media only screen and (max-width:800px) {.fusion-body .fusion-builder-column-2{width:100% !important;order : 0;}.fusion-builder-column-2 > .fusion-column-wrapper {margin-right : 1.92%;margin-left : 1.92%;}}<\/style><\/div><\/div><style type=\"text\/css\">.fusion-body .fusion-flex-container.fusion-builder-row-3{ padding-top : 0px;margin-top : 0px;padding-right : 0px;padding-bottom : 0px;margin-bottom : 0px;padding-left : 0px;}<\/style><\/div><div class=\"fusion-fullwidth fullwidth-box fusion-builder-row-4 fusion-flex-container nonhundred-percent-fullwidth non-hundred-percent-height-scrolling\" style=\"background-color: var(--awb-color1);background-position: center center;background-repeat: no-repeat;border-width: 0px 0px 0px 0px;border-color:var(--awb-color3);border-style:solid;\" ><div class=\"fusion-builder-row fusion-row fusion-flex-align-items-stretch fusion-flex-justify-content-center\" style=\"max-width:1352px;margin-left: calc(-4% \/ 2 );margin-right: calc(-4% \/ 2 );\"><div class=\"fusion-layout-column fusion_builder_column fusion-builder-column-3 fusion_builder_column_1_1 1_1 fusion-flex-column\"><div class=\"fusion-column-wrapper fusion-flex-justify-content-flex-start fusion-content-layout-column\" style=\"background-position:left top;background-repeat:no-repeat;-webkit-background-size:cover;-moz-background-size:cover;-o-background-size:cover;background-size:cover;padding: 0px 0px 0px 0px;\"><style type=\"text\/css\">@media only screen and (max-width:1024px) {.fusion-title.fusion-title-3{margin-top:10px!important; margin-right:0px!important;margin-bottom:15px!important;margin-left:0px!important;}}@media only screen and (max-width:800px) {.fusion-title.fusion-title-3{margin-top:10px!important; margin-right:0px!important;margin-bottom:10px!important; margin-left:0px!important;}}<\/style><div class=\"fusion-title title fusion-title-3 fusion-sep-none fusion-title-text fusion-title-size-two\" style=\"font-size:32px;margin-top:10px;margin-right:0px;margin-bottom:15px;margin-left:0px;\"><h2 class=\"title-heading-left\" style=\"margin:0;font-size:1em;color:#252525;\">R\u00c9CENTES NOUVELLES<\/h2><\/div><\/div><style type=\"text\/css\">.fusion-body .fusion-builder-column-3{width:100% !important;margin-top : 0px;margin-bottom : 20px;}.fusion-builder-column-3 > .fusion-column-wrapper {padding-top : 0px !important;padding-right : 0px !important;margin-right : 1.92%;padding-bottom : 0px !important;padding-left : 0px !important;margin-left : 1.92%;}@media only screen and (max-width:1024px) {.fusion-body .fusion-builder-column-3{width:100% !important;order : 0;}.fusion-builder-column-3 > .fusion-column-wrapper {margin-right : 1.92%;margin-left : 1.92%;}}@media only screen and (max-width:800px) {.fusion-body .fusion-builder-column-3{width:100% !important;order : 0;}.fusion-builder-column-3 > .fusion-column-wrapper {margin-right : 1.92%;margin-left : 1.92%;}}<\/style><\/div>\n<div class=\"fusion-layout-column fusion_builder_column fusion-builder-column-4 fusion_builder_column_1_1 1_1 fusion-flex-column\"><div class=\"fusion-column-wrapper fusion-flex-justify-content-flex-start fusion-content-layout-column\" style=\"background-position:left top;background-repeat:no-repeat;-webkit-background-size:cover;-moz-background-size:cover;-o-background-size:cover;background-size:cover;padding: 0px 0px 0px 0px;\"><div class=\"b2panels-buttons panel-tab-group\" data-default=\"panel-news\">\n  <button class=\"b2panel-button\" data-target=\"panel-news\" type=\"button\" title=\"News\">\n    Actualit\u00e9s\n  <\/button>\n  <button class=\"b2panel-button\" data-target=\"panel-publications\" type=\"button\" title=\"Publications\">\n    Publications\n  <\/button>\n  <button class=\"b2panel-button\" data-target=\"panel-media\" type=\"button\" title=\"Media\">\n    M\u00e9dias\n  <\/button>\n<\/div>\n\n<div class=\"b2panels-panels\">\n\n  <div id=\"panel-news\" class=\"b2panels-panel\" style=\"display: none\">\n    <div id='b2g-1997146433' class='base2grid latest-updates slider slider-responsive' data-groupby='' data-prefix='' data-suffix='' data-query='filtered'>\n\n\t<div class=\"slider-tile-wrapper slide-tile\">  \n\t\t<div class=\"slider-tile-wrapper-bg\" style=\"background-image: linear-gradient(180deg, rgba(0,0,0,0.5) 27%,#020202 100%), url('https:\/\/climateactionnetwork.ca\/wp-content\/uploads\/Parliament-6-_-Canva-Pro-1024x512.jpg'); background-position: top center;\">\n\t\t\t<a href=\"https:\/\/climateactionnetwork.ca\/fr\/le-reseau-action-climat-canada-reagit-a-la-mise-a-jour-economique-du-printemps\/\">\n\t\t\t\t<div class=\"tile-inner\">\t\n\t\t\t\t<h3>Le R\u00e9seau action climat Canada r\u00e9agit \u00e0 la mise \u00e0 jour \u00e9conomique du printemps<\/h3>\n      \t\t\t<p><\/p>\n    \t\t\t<\/div>\n\t\t\t<\/a>\n\t\t<\/div>\n\t<\/div>\n    \n\n\t<div class=\"slider-tile-wrapper slide-tile\">  \n\t\t<div class=\"slider-tile-wrapper-bg\" style=\"background-image: linear-gradient(180deg, rgba(0,0,0,0.5) 27%,#020202 100%), url('https:\/\/climateactionnetwork.ca\/wp-content\/uploads\/Recurso-4-1024x576.png'); background-position: top center;\">\n\t\t\t<a href=\"https:\/\/climateactionnetwork.ca\/fr\/avis-aux-medias-la-premiere-conference-pour-une-transition-hors-des-energies-fossiles-commence-demain-a-santa-marta-colombie\/\">\n\t\t\t\t<div class=\"tile-inner\">\t\n\t\t\t\t<h3>Avis aux m\u00e9dias : la premi\u00e8re Conf\u00e9rence pour une transition hors des \u00e9nergies fossiles commence demain \u00e0 Santa Marta, Colombie<\/h3>\n      \t\t\t<p><\/p>\n    \t\t\t<\/div>\n\t\t\t<\/a>\n\t\t<\/div>\n\t<\/div>\n    \n\n\t<div class=\"slider-tile-wrapper slide-tile\">  \n\t\t<div class=\"slider-tile-wrapper-bg\" style=\"background-image: linear-gradient(180deg, rgba(0,0,0,0.5) 27%,#020202 100%), url('https:\/\/climateactionnetwork.ca\/wp-content\/uploads\/iStock-177387733-1024x680.jpg'); background-position: top center;\">\n\t\t\t<a href=\"https:\/\/climateactionnetwork.ca\/fr\/un-nouveau-rapport-federal-revele-des-efforts-de-reduction-des-emissions-au-point-mort\/\">\n\t\t\t\t<div class=\"tile-inner\">\t\n\t\t\t\t<h3>Un nouveau rapport f\u00e9d\u00e9ral r\u00e9v\u00e8le des efforts de r\u00e9duction des \u00e9missions au point mort<\/h3>\n      \t\t\t<p><\/p>\n    \t\t\t<\/div>\n\t\t\t<\/a>\n\t\t<\/div>\n\t<\/div>\n    \n\n\t<div class=\"slider-tile-wrapper slide-tile\">  \n\t\t<div class=\"slider-tile-wrapper-bg\" style=\"background-image: linear-gradient(180deg, rgba(0,0,0,0.5) 27%,#020202 100%), url('https:\/\/climateactionnetwork.ca\/wp-content\/uploads\/Gas-price-Tax-pause-1024x512.png'); background-position: top center;\">\n\t\t\t<a href=\"https:\/\/climateactionnetwork.ca\/fr\/sattaquer-a-la-crise-de-labordabilite-cest-accelerer-la-transition-energetique-et-non-suspendre-temporairement-la-taxe-sur-lessence\/\">\n\t\t\t\t<div class=\"tile-inner\">\t\n\t\t\t\t<h3>S\u2019attaquer \u00e0 la crise de l\u2019abordabilit\u00e9 c\u2019est acc\u00e9l\u00e9rer la transition \u00e9nerg\u00e9tique, et non suspendre temporairement la taxe sur l\u2019essence<\/h3>\n      \t\t\t<p><\/p>\n    \t\t\t<\/div>\n\t\t\t<\/a>\n\t\t<\/div>\n\t<\/div>\n    \n\n\t<div class=\"slider-tile-wrapper slide-tile\">  \n\t\t<div class=\"slider-tile-wrapper-bg\" style=\"background-image: linear-gradient(180deg, rgba(0,0,0,0.5) 27%,#020202 100%), url('https:\/\/climateactionnetwork.ca\/wp-content\/uploads\/2026-03-30-1024x512.png'); background-position: top center;\">\n\t\t\t<a href=\"https:\/\/climateactionnetwork.ca\/fr\/caroline-brouillette-felicite-le-chef-du-npd-avi-lewis-pour-son-election-a-la-tete-du-parti\/\">\n\t\t\t\t<div class=\"tile-inner\">\t\n\t\t\t\t<h3>Caroline Brouillette f\u00e9licite le chef du NPD Avi Lewis pour son \u00e9lection \u00e0 la t\u00eate du parti<\/h3>\n      \t\t\t<p><\/p>\n    \t\t\t<\/div>\n\t\t\t<\/a>\n\t\t<\/div>\n\t<\/div>\n    \n\n\t<div class=\"slider-tile-wrapper slide-tile\">  \n\t\t<div class=\"slider-tile-wrapper-bg\" style=\"background-image: linear-gradient(180deg, rgba(0,0,0,0.5) 27%,#020202 100%), url('https:\/\/climateactionnetwork.ca\/wp-content\/uploads\/2026-Press-Release-Cover-Photos-1-1024x512.png'); background-position: top center;\">\n\t\t\t<a href=\"https:\/\/climateactionnetwork.ca\/fr\/une-etude-independante-souleve-des-questions-quant-au-projet-dachat-de-turbines-a-diesel-de-334-millions-de-dollars-propose-par-maritime-electric-a-lile-du-prince-edouard\/\">\n\t\t\t\t<div class=\"tile-inner\">\t\n\t\t\t\t<h3>Une \u00e9tude ind\u00e9pendante soul\u00e8ve des questions quant au projet d\u2019achat de turbines \u00e0 diesel de 334 millions de dollars propos\u00e9 par Maritime Electric \u00e0 l\u2019\u00cele-du-Prince-\u00c9douard<\/h3>\n      \t\t\t<p><\/p>\n    \t\t\t<\/div>\n\t\t\t<\/a>\n\t\t<\/div>\n\t<\/div>\n    \n\n\t<div class=\"slider-tile-wrapper slide-tile\">  \n\t\t<div class=\"slider-tile-wrapper-bg\" style=\"background-image: linear-gradient(180deg, rgba(0,0,0,0.5) 27%,#020202 100%), url('https:\/\/climateactionnetwork.ca\/wp-content\/uploads\/Parliament-8-Canva-Pro-1024x512.png'); background-position: top center;\">\n\t\t\t<a href=\"https:\/\/climateactionnetwork.ca\/fr\/les-travailleuses-et-travailleurs-et-les-communautes-meritent-mieux-le-reseau-action-climat-canada-reagit-au-plan-daction-federal-pour-des-emplois-durables\/\">\n\t\t\t\t<div class=\"tile-inner\">\t\n\t\t\t\t<h3>\u00ab Les travailleuses et travailleurs et les communaut\u00e9s m\u00e9ritent mieux \u00bb : le R\u00e9seau action climat Canada r\u00e9agit au Plan d\u2019action f\u00e9d\u00e9ral pour des emplois durables<\/h3>\n      \t\t\t<p><\/p>\n    \t\t\t<\/div>\n\t\t\t<\/a>\n\t\t<\/div>\n\t<\/div>\n    \n\n\t<div class=\"slider-tile-wrapper slide-tile\">  \n\t\t<div class=\"slider-tile-wrapper-bg\" style=\"background-image: linear-gradient(180deg, rgba(0,0,0,0.5) 27%,#020202 100%), url('https:\/\/climateactionnetwork.ca\/wp-content\/uploads\/EV-_-Canva-Pro-1024x512.png'); background-position: top center;\">\n\t\t\t<a href=\"https:\/\/climateactionnetwork.ca\/fr\/apres-une-annee-dincertitude-la-nouvelle-strategie-automobile-sur-les-vehicules-electriques-apporte-plus-de-clarte-aux-travailleurs-et-aux-consommateurs\/\">\n\t\t\t\t<div class=\"tile-inner\">\t\n\t\t\t\t<h3>Apr\u00e8s une ann\u00e9e d\u2019incertitude, la nouvelle strat\u00e9gie automobile sur les v\u00e9hicules \u00e9lectriques apporte plus de clart\u00e9 aux travailleurs et aux consommateurs<\/h3>\n      \t\t\t<p><\/p>\n    \t\t\t<\/div>\n\t\t\t<\/a>\n\t\t<\/div>\n\t<\/div>\n    \n\n\t<div class=\"slider-tile-wrapper slide-tile\">  \n\t\t<div class=\"slider-tile-wrapper-bg\" style=\"background-image: linear-gradient(180deg, rgba(0,0,0,0.5) 27%,#020202 100%), url('https:\/\/climateactionnetwork.ca\/wp-content\/uploads\/Canva-Pro-Beijing-at-night-1024x512.png'); background-position: top center;\">\n\t\t\t<a href=\"https:\/\/climateactionnetwork.ca\/fr\/le-partenariat-entre-le-canada-et-la-chine-temoigne-de-la-direction-de-leconomie-mondiale-declaration-de-caroline-brouillette\/\">\n\t\t\t\t<div class=\"tile-inner\">\t\n\t\t\t\t<h3>Le partenariat entre le Canada et la Chine montre la direction de l'\u00e9conomie mondiale : d\u00e9claration de Caroline Brouillette<\/h3>\n      \t\t\t<p><\/p>\n    \t\t\t<\/div>\n\t\t\t<\/a>\n\t\t<\/div>\n\t<\/div>\n    \n\n\t<div class=\"slider-tile-wrapper slide-tile\">  \n\t\t<div class=\"slider-tile-wrapper-bg\" style=\"background-image: linear-gradient(180deg, rgba(0,0,0,0.5) 27%,#020202 100%), url('https:\/\/climateactionnetwork.ca\/wp-content\/uploads\/Parliament-9-_-Canva-Pro-1024x512.jpg'); background-position: top center;\">\n\t\t\t<a href=\"https:\/\/climateactionnetwork.ca\/fr\/protocole-dentente-avec-lalberta-le-premier-ministre-carney-sacrifie-toute-credibilite-environnementale\/\">\n\t\t\t\t<div class=\"tile-inner\">\t\n\t\t\t\t<h3>Protocole d\u2019entente avec l\u2019Alberta : le premier ministre Carney sacrifie toute cr\u00e9dibilit\u00e9 environnementale<\/h3>\n      \t\t\t<p><\/p>\n    \t\t\t<\/div>\n\t\t\t<\/a>\n\t\t<\/div>\n\t<\/div>\n    <\/div>\n  <\/div>\n  \n  <div id=\"panel-publications\" class=\"b2panels-panel\" style=\"display: none\">\n    <div id='b2g-1906729082' class='base2grid latest-updates slider slider-responsive' data-groupby='' data-prefix='' data-suffix='' data-query='filtered'>\n    <div class=\"slider-tile-wrapper slide-tile\">\n    \t<div class=\"slider-tile-wrapper-bg\" style=\"background-image: linear-gradient(180deg, rgba(0,0,0,0.5) 27%,#020202 100%), url('https:\/\/climateactionnetwork.ca\/wp-content\/uploads\/iStock-135468420-1024x683.jpg'); background-position: top center;\">\n\t\t\t<a href=\"https:\/\/climateactionnetwork.ca\/fr\/resource\/le-rapport-annuel-2024-2025-du-reseau-action-climat-canada\/\">\n\t\t\t\t<div class=\"tile-inner\">\t\n\t\t\t\t\t<h3>Le rapport annuel 2024-2025 du R\u00e9seau action climat Canada<\/h3>\n      \t\t\t\t<p><\/p>\n    \t\t\t<\/div>\n\t\t\t<\/a>\n\t\t<\/div>\n    <\/div>\n    \n    <div class=\"slider-tile-wrapper slide-tile\">\n    \t<div class=\"slider-tile-wrapper-bg\" style=\"background-image: linear-gradient(180deg, rgba(0,0,0,0.5) 27%,#020202 100%), url('https:\/\/climateactionnetwork.ca\/wp-content\/uploads\/AdobeStock_296957200-1-1-1024x729.jpeg'); background-position: top center;\">\n\t\t\t<a href=\"https:\/\/climateactionnetwork.ca\/fr\/resource\/le-gnl-prise-de-position\/\">\n\t\t\t\t<div class=\"tile-inner\">\t\n\t\t\t\t\t<h3>Le GNL : Prise de position<\/h3>\n      \t\t\t\t<p><\/p>\n    \t\t\t<\/div>\n\t\t\t<\/a>\n\t\t<\/div>\n    <\/div>\n    \n    <div class=\"slider-tile-wrapper slide-tile\">\n    \t<div class=\"slider-tile-wrapper-bg\" style=\"background-image: linear-gradient(180deg, rgba(0,0,0,0.5) 27%,#020202 100%), url('https:\/\/climateactionnetwork.ca\/wp-content\/uploads\/iStock-1429461407-1-1024x683.jpg'); background-position: top center;\">\n\t\t\t<a href=\"https:\/\/climateactionnetwork.ca\/fr\/resource\/can-rac-canada-rapport-annuel-2023-2024\/\">\n\t\t\t\t<div class=\"tile-inner\">\t\n\t\t\t\t\t<h3>Le rapport annuel 2023-2024 du R\u00e9seau action climat Canada<\/h3>\n      \t\t\t\t<p><\/p>\n    \t\t\t<\/div>\n\t\t\t<\/a>\n\t\t<\/div>\n    <\/div>\n    \n    <div class=\"slider-tile-wrapper slide-tile\">\n    \t<div class=\"slider-tile-wrapper-bg\" style=\"background-image: linear-gradient(180deg, rgba(0,0,0,0.5) 27%,#020202 100%), url('https:\/\/climateactionnetwork.ca\/wp-content\/uploads\/iStock-1161050124-1024x681.jpg'); background-position: top center;\">\n\t\t\t<a href=\"https:\/\/climateactionnetwork.ca\/fr\/resource\/en-route-vers-un-avenir-equitable-recommandations-pour-la-prochaine-cdn-du-canada\/\">\n\t\t\t\t<div class=\"tile-inner\">\t\n\t\t\t\t\t<h3>En route vers un avenir \u00e9quitable : recommandations pour la prochaine CDN du Canada<\/h3>\n      \t\t\t\t<p><\/p>\n    \t\t\t<\/div>\n\t\t\t<\/a>\n\t\t<\/div>\n    <\/div>\n    \n    <div class=\"slider-tile-wrapper slide-tile\">\n    \t<div class=\"slider-tile-wrapper-bg\" style=\"background-image: linear-gradient(180deg, rgba(0,0,0,0.5) 27%,#020202 100%), url('https:\/\/climateactionnetwork.ca\/wp-content\/uploads\/Programme-dacceleration-Fiche-devaluation-pour-le-Canada-et-les-provinces-1024x576.png'); background-position: top center;\">\n\t\t\t<a href=\"https:\/\/climateactionnetwork.ca\/fr\/resource\/fiche-dinformation-a-lintention-des-medias-assemblee-generale-des-nations-unies-et-semaine-du-climat-2023\/\">\n\t\t\t\t<div class=\"tile-inner\">\t\n\t\t\t\t\t<h3>Fiche d'information \u00e0 l'intention des m\u00e9dias: Assembl\u00e9e g\u00e9n\u00e9rale des Nations unies et Semaine du climat 2023<\/h3>\n      \t\t\t\t<p>Lisez notre fiche d'information sur les principaux \u00e9v\u00e9nements de cette semaine, avec des citations concernant nos attentes, ainsi que notre fiche d'\u00e9valuation indiquant comment le Canada se situe par rapport aux \u00e9l\u00e9ments cl\u00e9s du Programme d'acc\u00e9l\u00e9ration de l'ONU.<\/p>\n    \t\t\t<\/div>\n\t\t\t<\/a>\n\t\t<\/div>\n    <\/div>\n    \n    <div class=\"slider-tile-wrapper slide-tile\">\n    \t<div class=\"slider-tile-wrapper-bg\" style=\"background-image: linear-gradient(180deg, rgba(0,0,0,0.5) 27%,#020202 100%), url('https:\/\/climateactionnetwork.ca\/wp-content\/uploads\/Spending-what-it-takes-web-1024x576.png'); background-position: top center;\">\n\t\t\t<a href=\"https:\/\/climateactionnetwork.ca\/fr\/resource\/depenser-ce-quil-faut-des-investissements-climatiques-transformateurs-pour-une-prosperite-a-long-terme-au-canada\/\">\n\t\t\t\t<div class=\"tile-inner\">\t\n\t\t\t\t\t<h3>D\u00e9penser ce qu\u2019il faut : des investissements climatiques transformateurs pour une prosp\u00e9rit\u00e9 \u00e0 long terme au Canada<\/h3>\n      \t\t\t\t<p>Le monde est assailli par une convergence de crises qui prennent rapidement de l\u2019ampleur : changements climatiques, perte de biodiversit\u00e9, ins\u00e9curit\u00e9 \u00e9nerg\u00e9tique, co\u00fbt de la vie inabordable, in\u00e9galit\u00e9s croissantes... Face \u00e0 ces d\u00e9fis, le Canada doit proc\u00e9der d\u2019urgence \u00e0 une d\u00e9carbonisation \u00e9quitable de chaque secteur de l\u2019\u00e9conomie \u2013 non seulement pour apporter une juste contribution \r\naux efforts mondiaux de lutte contre les changements climatiques, mais \u00e9galement pour assurer la prosp\u00e9rit\u00e9 \u00e0 long terme du Canada dans une \u00e9conomie mondiale sobre en carbone.<\/p>\n    \t\t\t<\/div>\n\t\t\t<\/a>\n\t\t<\/div>\n    <\/div>\n    \n    <div class=\"slider-tile-wrapper slide-tile\">\n    \t<div class=\"slider-tile-wrapper-bg\" style=\"background-image: linear-gradient(180deg, rgba(0,0,0,0.5) 27%,#020202 100%), url('https:\/\/climateactionnetwork.ca\/wp-content\/uploads\/bg-2.svg'); background-position: top center;\">\n\t\t\t<a href=\"https:\/\/climateactionnetwork.ca\/fr\/resource\/vers-lobjectif-de-carboneutralite\/\">\n\t\t\t\t<div class=\"tile-inner\">\t\n\t\t\t\t\t<h3>Vers l\u2019objectif de carboneutralit\u00e9<\/h3>\n      \t\t\t\t<p>Un rapport de synth\u00e8se qui pr\u00e9sente les r\u00e9sultats d\u2019une s\u00e9rie d\u2019ateliers virtuels organis\u00e9s au printemps et \u00e0 l'\u00e9t\u00e9 2021 sur les enjeux de l\u2019objectif de carboneutralit\u00e9 au Canada<\/p>\n    \t\t\t<\/div>\n\t\t\t<\/a>\n\t\t<\/div>\n    <\/div>\n    \n    <div class=\"slider-tile-wrapper slide-tile\">\n    \t<div class=\"slider-tile-wrapper-bg\" style=\"background-image: linear-gradient(180deg, rgba(0,0,0,0.5) 27%,#020202 100%), url('https:\/\/climateactionnetwork.ca\/wp-content\/uploads\/Facing-Fossil-Fuels-Future-1024x704.png'); background-position: top center;\">\n\t\t\t<a href=\"https:\/\/climateactionnetwork.ca\/fr\/resource\/faire-face-au-futur-des-fossiles\/\">\n\t\t\t\t<div class=\"tile-inner\">\t\n\t\t\t\t\t<h3>Faire face au futur des fossiles<\/h3>\n      \t\t\t\t<p>\"D\u00e9fis et opportunit\u00e9s pour les travailleur.euse.s dans\r\nles transitions de l\u2019\u00e9nergie et de l\u2019emploi au Canada\"<\/p>\n    \t\t\t<\/div>\n\t\t\t<\/a>\n\t\t<\/div>\n    <\/div>\n    \n    <div class=\"slider-tile-wrapper slide-tile\">\n    \t<div class=\"slider-tile-wrapper-bg\" style=\"background-image: linear-gradient(180deg, rgba(0,0,0,0.5) 27%,#020202 100%), url('https:\/\/climateactionnetwork.ca\/wp-content\/uploads\/PolicyPriorities-1024x583.png'); background-position: top center;\">\n\t\t\t<a href=\"https:\/\/climateactionnetwork.ca\/fr\/resource\/un-vrai-leadership-face-a-lurgence-climatique\/\">\n\t\t\t\t<div class=\"tile-inner\">\t\n\t\t\t\t\t<h3>Un vrai leadership face \u00e0 l'urgence climatique<\/h3>\n      \t\t\t\t<p>Les priorit\u00e9s de politiques publiques du R\u00e9seau action climat Canada pour l\u2019\u00e9lection f\u00e9d\u00e9rale de 2021<\/p>\n    \t\t\t<\/div>\n\t\t\t<\/a>\n\t\t<\/div>\n    <\/div>\n    <\/div>\n  <\/div>\n\n  <div id=\"panel-media\" class=\"b2panels-panel\" style=\"display: none\">\n    \t<div class='latest-updates slider slider-responsive'>\n\n\t\t\t<div class=\"slider-tile-wrapper slide-tile\">\n\t\t\t\t<div class=\"slider-tile-wrapper-bg\" style=\"background-image: linear-gradient(180deg, rgba(0,0,0,0.5) 27%,#020202 100%), url('https:\/\/www.nationalobserver.com\/sites\/default\/files\/img\/2026\/04\/29\/20260428-francoisphilippechampagne-4.jpg'); background-position: top center;\">\n                \t<a href=\"https:\/\/www.nationalobserver.com\/2026\/04\/30\/news\/champagne-spring-economic-update-reactions\">\n                    \t<div class=\"tile-inner\">\t\n        \t               \t<h3>Champagne pops cork for fresh support of 'low-carbon' LNG and carbon capture<\/h3>\n\t\t\t\t\t\t\t<p><\/p>\n    \t                <\/div>\n            \t    <\/a>\n\t\t\t\t<\/div>\n            <\/div>\n\n\t\t\n\n\t\t\t<div class=\"slider-tile-wrapper slide-tile\">\n\t\t\t\t<div class=\"slider-tile-wrapper-bg\" style=\"background-image: linear-gradient(180deg, rgba(0,0,0,0.5) 27%,#020202 100%), url('https:\/\/www.theenergymix.com\/wp-content\/uploads\/2026\/04\/Drayton-Valley-Alberta-pumpjack-Achim-Raschka-CC-BY-SA-4.0wikimedia-commons.jpg'); background-position: top center;\">\n                \t<a href=\"https:\/\/www.theenergymix.com\/new-fossil-subsidies-6b-for-skilled-trades-13b-for-climate-finance-as-feds-release-spring-economic-statement\/\">\n                    \t<div class=\"tile-inner\">\t\n        \t               \t<h3>New Fossil Subsidies, $6B for Skilled Trades, $13B for Climate Finance as Feds Release Spring Economic Statement<\/h3>\n\t\t\t\t\t\t\t<p><\/p>\n    \t                <\/div>\n            \t    <\/a>\n\t\t\t\t<\/div>\n            <\/div>\n\n\t\t\n\n\t\t\t<div class=\"slider-tile-wrapper slide-tile\">\n\t\t\t\t<div class=\"slider-tile-wrapper-bg\" style=\"background-image: linear-gradient(180deg, rgba(0,0,0,0.5) 27%,#020202 100%), url('https:\/\/images.radio-canada.ca\/q_auto,w_1250\/v1\/ici-info\/16x9\/ministre-finances-francois-philippe-champagne-mise-jour-economique.jpg'); background-position: top center;\">\n                \t<a href=\"https:\/\/quebecnouvelles.com\/ottawa-institue-un-credit-d-impot-controverse-pour-les-petrolieres-1342331.html\">\n                    \t<div class=\"tile-inner\">\t\n        \t               \t<h3>Ottawa institue un cr\u00e9dit d\u2019imp\u00f4t controvers\u00e9 pour les p\u00e9troli\u00e8res<\/h3>\n\t\t\t\t\t\t\t<p><\/p>\n    \t                <\/div>\n            \t    <\/a>\n\t\t\t\t<\/div>\n            <\/div>\n\n\t\t\n\n\t\t\t<div class=\"slider-tile-wrapper slide-tile\">\n\t\t\t\t<div class=\"slider-tile-wrapper-bg\" style=\"background-image: linear-gradient(180deg, rgba(0,0,0,0.5) 27%,#020202 100%); background-position: top center;\">\n                \t<a href=\"http:\/\/ici.radio-canada.ca\/nouvelle\/2250068\/petrole-subvention-stockage-carbone\">\n                    \t<div class=\"tile-inner\">\t\n        \t               \t<h3>Ottawa institue un cr\u00e9dit d\u2019imp\u00f4t controvers\u00e9 aux p\u00e9troli\u00e8res<\/h3>\n\t\t\t\t\t\t\t<p><\/p>\n    \t                <\/div>\n            \t    <\/a>\n\t\t\t\t<\/div>\n            <\/div>\n\n\t\t\n\n\t\t\t<div class=\"slider-tile-wrapper slide-tile\">\n\t\t\t\t<div class=\"slider-tile-wrapper-bg\" style=\"background-image: linear-gradient(180deg, rgba(0,0,0,0.5) 27%,#020202 100%), url('https:\/\/www.mondialnews.com\/wp-content\/uploads\/2026\/04\/84232-climate-action-network-canada-calls-for-urgent-climate-solutions-in-response-to-spring-economic-update.jpg'); background-position: top center;\">\n                \t<a href=\"https:\/\/www.mondialnews.com\/2026\/04\/28\/climate-action-network-canada-calls-for-urgent-climate-solutions-in-response-to-spring-economic-update\/\">\n                    \t<div class=\"tile-inner\">\t\n        \t               \t<h3>Climate Action Network Canada Calls for Urgent Climate Solutions in Response to Spring Economic Update<\/h3>\n\t\t\t\t\t\t\t<p><\/p>\n    \t                <\/div>\n            \t    <\/a>\n\t\t\t\t<\/div>\n            <\/div>\n\n\t\t\n\n\t\t\t<div class=\"slider-tile-wrapper slide-tile\">\n\t\t\t\t<div class=\"slider-tile-wrapper-bg\" style=\"background-image: linear-gradient(180deg, rgba(0,0,0,0.5) 27%,#020202 100%), url('https:\/\/hixhlmpcokxhartfkpyi.supabase.co\/storage\/v1\/render\/image\/public\/images\/thumbnails\/f2abe4b395a5c8ff9f2d15a6406a64c9.webp?width=1200&resize=contain&quality=75'); background-position: top center;\">\n                \t<a href=\"https:\/\/www.pulse.bot\/mining\/blogs\/several-canadian-organizations-urge-decisive-action-on-unilateral-deep-sea-mining-29b1ae7b-8632-4cb8-9796-686af3d2182d\/\">\n                    \t<div class=\"tile-inner\">\t\n        \t               \t<h3>Several Canadian Organizations Urge Decisive Action on Unilateral Deep-Sea Mining<\/h3>\n\t\t\t\t\t\t\t<p><\/p>\n    \t                <\/div>\n            \t    <\/a>\n\t\t\t\t<\/div>\n            <\/div>\n\n\t\t\n\n\t\t\t<div class=\"slider-tile-wrapper slide-tile\">\n\t\t\t\t<div class=\"slider-tile-wrapper-bg\" style=\"background-image: linear-gradient(180deg, rgba(0,0,0,0.5) 27%,#020202 100%), url('https:\/\/attac.es\/wp-content\/uploads\/2026\/04\/Banksy.-Guepardo-escapando-jaula-codigo-barras-R.jpg'); background-position: top center;\">\n                \t<a href=\"https:\/\/attac.es\/el-isds-es-una-amenaza-para-nuestro-futuro\/\">\n                    \t<div class=\"tile-inner\">\t\n        \t               \t<h3>El ISDS es una amenaza para nuestro futuro<\/h3>\n\t\t\t\t\t\t\t<p><\/p>\n    \t                <\/div>\n            \t    <\/a>\n\t\t\t\t<\/div>\n            <\/div>\n\n\t\t\n\n\t\t\t<div class=\"slider-tile-wrapper slide-tile\">\n\t\t\t\t<div class=\"slider-tile-wrapper-bg\" style=\"background-image: linear-gradient(180deg, rgba(0,0,0,0.5) 27%,#020202 100%), url('https:\/\/mobile-img.lpcdn.ca\/v2\/924x\/r3996\/5b798210c29d33bba4b1534ea51c1e87.jpg'); background-position: top center;\">\n                \t<a href=\"https:\/\/www.lapresse.ca\/actualites\/environnement\/2026-04-24\/changement-climatique\/50-pays-reunis-pour-abandonner-le-petrole.php\">\n                    \t<div class=\"tile-inner\">\t\n        \t               \t<h3>50 pays r\u00e9unis pour abandonner le p\u00e9trole<\/h3>\n\t\t\t\t\t\t\t<p><\/p>\n    \t                <\/div>\n            \t    <\/a>\n\t\t\t\t<\/div>\n            <\/div>\n\n\t\t\n\n\t\t\t<div class=\"slider-tile-wrapper slide-tile\">\n\t\t\t\t<div class=\"slider-tile-wrapper-bg\" style=\"background-image: linear-gradient(180deg, rgba(0,0,0,0.5) 27%,#020202 100%), url('https:\/\/energynow.ca\/wp-content\/uploads\/2026\/04\/Resized-tale-of-two-herds-thumbnail-1200x810-1.jpg'); background-position: top center;\">\n                \t<a href=\"https:\/\/energynow.ca\/2026\/04\/hoof-hypocrisy-green-activists-fight-big-oil-for-northern-caribou-but-sacrifice-quebecs-endangered-herd-to-big-wind\/\">\n                    \t<div class=\"tile-inner\">\t\n        \t               \t<h3>FEATURE \u2013 HOOF HYPOCRISY: Green Activists Fight Big Oil for Northern Caribou But Sacrifice Quebec\u2019s Endangered Herd to Big Wind<\/h3>\n\t\t\t\t\t\t\t<p><\/p>\n    \t                <\/div>\n            \t    <\/a>\n\t\t\t\t<\/div>\n            <\/div>\n\n\t\t\n\n\t\t\t<div class=\"slider-tile-wrapper slide-tile\">\n\t\t\t\t<div class=\"slider-tile-wrapper-bg\" style=\"background-image: linear-gradient(180deg, rgba(0,0,0,0.5) 27%,#020202 100%), url('https:\/\/www.nationalobserver.com\/sites\/default\/files\/img\/2025\/12\/09\/julie_dabrusin_12-09-2025-1.JPG'); background-position: top center;\">\n                \t<a href=\"https:\/\/www.nationalobserver.com\/2026\/04\/21\/news\/dabrusin-federal-nature-strategy\">\n                    \t<div class=\"tile-inner\">\t\n        \t               \t<h3>New $3.6B nature plan can help reset Canada\u2019s energy transition at 'difficult moment': Dabrusin<\/h3>\n\t\t\t\t\t\t\t<p><\/p>\n    \t                <\/div>\n            \t    <\/a>\n\t\t\t\t<\/div>\n            <\/div>\n\n\t\t<\/div>\n  <\/div>\n\n<\/div>\n\n<\/div><style type=\"text\/css\">.fusion-body .fusion-builder-column-4{width:100% !important;margin-top : 0px;margin-bottom : 20px;}.fusion-builder-column-4 > .fusion-column-wrapper {padding-top : 0px !important;padding-right : 0px !important;margin-right : 1.92%;padding-bottom : 0px !important;padding-left : 0px !important;margin-left : 1.92%;}@media only screen and (max-width:1024px) {.fusion-body .fusion-builder-column-4{width:100% !important;order : 0;}.fusion-builder-column-4 > .fusion-column-wrapper {margin-right : 1.92%;margin-left : 1.92%;}}@media only screen and (max-width:800px) {.fusion-body .fusion-builder-column-4{width:100% !important;order : 0;}.fusion-builder-column-4 > .fusion-column-wrapper {margin-right : 1.92%;margin-left : 1.92%;}}<\/style><\/div><\/div><style type=\"text\/css\">.fusion-body .fusion-flex-container.fusion-builder-row-4{ padding-top : 55px;margin-top : 0px;padding-right : 0px;padding-bottom : 76px;margin-bottom : 0px;padding-left : 0px;}<\/style><\/div><\/p>\n","protected":false},"excerpt":{"rendered":"","protected":false},"author":18,"featured_media":807,"parent":46289,"menu_order":0,"comment_status":"closed","ping_status":"closed","template":"100-width.php","meta":{"inline_featured_image":false,"footnotes":"","_wp_rev_ctl_limit":""},"class_list":["post-46293","page","type-page","status-publish","has-post-thumbnail","hentry"],"acf":[],"yoast_head":"<!-- This site is optimized with the Yoast SEO plugin v27.3 - https:\/\/yoast.com\/product\/yoast-seo-wordpress\/ -->\n<title>Politique nationale - Climate Action Network Canada (CAN-Rac)<\/title>\n<meta name=\"robots\" content=\"index, follow, max-snippet:-1, max-image-preview:large, max-video-preview:-1\" \/>\n<link rel=\"canonical\" href=\"https:\/\/climateactionnetwork.ca\/fr\/notre-travail\/politique-nationale\/\" \/>\n<meta property=\"og:locale\" content=\"fr_FR\" \/>\n<meta property=\"og:type\" content=\"article\" \/>\n<meta property=\"og:title\" content=\"Politique nationale - Climate Action Network Canada (CAN-Rac)\" \/>\n<meta property=\"og:url\" content=\"https:\/\/climateactionnetwork.ca\/fr\/notre-travail\/politique-nationale\/\" \/>\n<meta property=\"og:site_name\" content=\"Climate Action Network Canada (CAN-Rac)\" \/>\n<meta property=\"article:publisher\" content=\"https:\/\/www.facebook.com\/climate.action.network.canada\" \/>\n<meta property=\"article:modified_time\" content=\"2022-08-29T19:54:52+00:00\" \/>\n<meta property=\"og:image\" content=\"https:\/\/climateactionnetwork.ca\/wp-content\/uploads\/AdobeStock_255927791.jpeg\" \/>\n\t<meta property=\"og:image:width\" content=\"1267\" \/>\n\t<meta property=\"og:image:height\" content=\"845\" \/>\n\t<meta property=\"og:image:type\" content=\"image\/jpeg\" \/>\n<meta name=\"twitter:card\" content=\"summary_large_image\" \/>\n<meta name=\"twitter:site\" content=\"@CANRacCanada\" \/>\n<meta name=\"twitter:label1\" content=\"Dur\u00e9e de lecture estim\u00e9e\" \/>\n\t<meta name=\"twitter:data1\" content=\"6 minutes\" \/>\n<script type=\"application\/ld+json\" class=\"yoast-schema-graph\">{\"@context\":\"https:\\\/\\\/schema.org\",\"@graph\":[{\"@type\":\"WebPage\",\"@id\":\"https:\\\/\\\/climateactionnetwork.ca\\\/fr\\\/notre-travail\\\/politique-nationale\\\/\",\"url\":\"https:\\\/\\\/climateactionnetwork.ca\\\/fr\\\/notre-travail\\\/politique-nationale\\\/\",\"name\":\"Politique nationale - Climate Action Network Canada (CAN-Rac)\",\"isPartOf\":{\"@id\":\"https:\\\/\\\/climateactionnetwork.ca\\\/#website\"},\"primaryImageOfPage\":{\"@id\":\"https:\\\/\\\/climateactionnetwork.ca\\\/fr\\\/notre-travail\\\/politique-nationale\\\/#primaryimage\"},\"image\":{\"@id\":\"https:\\\/\\\/climateactionnetwork.ca\\\/fr\\\/notre-travail\\\/politique-nationale\\\/#primaryimage\"},\"thumbnailUrl\":\"https:\\\/\\\/climateactionnetwork.ca\\\/wp-content\\\/uploads\\\/AdobeStock_255927791.jpeg\",\"datePublished\":\"2022-03-07T15:51:45+00:00\",\"dateModified\":\"2022-08-29T19:54:52+00:00\",\"breadcrumb\":{\"@id\":\"https:\\\/\\\/climateactionnetwork.ca\\\/fr\\\/notre-travail\\\/politique-nationale\\\/#breadcrumb\"},\"inLanguage\":\"fr-FR\",\"potentialAction\":[{\"@type\":\"ReadAction\",\"target\":[\"https:\\\/\\\/climateactionnetwork.ca\\\/fr\\\/notre-travail\\\/politique-nationale\\\/\"]}]},{\"@type\":\"ImageObject\",\"inLanguage\":\"fr-FR\",\"@id\":\"https:\\\/\\\/climateactionnetwork.ca\\\/fr\\\/notre-travail\\\/politique-nationale\\\/#primaryimage\",\"url\":\"https:\\\/\\\/climateactionnetwork.ca\\\/wp-content\\\/uploads\\\/AdobeStock_255927791.jpeg\",\"contentUrl\":\"https:\\\/\\\/climateactionnetwork.ca\\\/wp-content\\\/uploads\\\/AdobeStock_255927791.jpeg\",\"width\":1267,\"height\":845},{\"@type\":\"BreadcrumbList\",\"@id\":\"https:\\\/\\\/climateactionnetwork.ca\\\/fr\\\/notre-travail\\\/politique-nationale\\\/#breadcrumb\",\"itemListElement\":[{\"@type\":\"ListItem\",\"position\":1,\"name\":\"Home\",\"item\":\"https:\\\/\\\/climateactionnetwork.ca\\\/fr\\\/\"},{\"@type\":\"ListItem\",\"position\":2,\"name\":\"Notre travail\",\"item\":\"https:\\\/\\\/climateactionnetwork.ca\\\/fr\\\/notre-travail\\\/\"},{\"@type\":\"ListItem\",\"position\":3,\"name\":\"Politique nationale\"}]},{\"@type\":\"WebSite\",\"@id\":\"https:\\\/\\\/climateactionnetwork.ca\\\/#website\",\"url\":\"https:\\\/\\\/climateactionnetwork.ca\\\/\",\"name\":\"Climate Action Network Canada (CAN-Rac)\",\"description\":\"Climate Action Network Canada (CAN-Rac)\",\"publisher\":{\"@id\":\"https:\\\/\\\/climateactionnetwork.ca\\\/#organization\"},\"potentialAction\":[{\"@type\":\"SearchAction\",\"target\":{\"@type\":\"EntryPoint\",\"urlTemplate\":\"https:\\\/\\\/climateactionnetwork.ca\\\/?s={search_term_string}\"},\"query-input\":{\"@type\":\"PropertyValueSpecification\",\"valueRequired\":true,\"valueName\":\"search_term_string\"}}],\"inLanguage\":\"fr-FR\"},{\"@type\":\"Organization\",\"@id\":\"https:\\\/\\\/climateactionnetwork.ca\\\/#organization\",\"name\":\"Climate Action Network - R\u00e9seau action climat Canada\",\"alternateName\":\"CAN-Rac\",\"url\":\"https:\\\/\\\/climateactionnetwork.ca\\\/\",\"logo\":{\"@type\":\"ImageObject\",\"inLanguage\":\"fr-FR\",\"@id\":\"https:\\\/\\\/climateactionnetwork.ca\\\/#\\\/schema\\\/logo\\\/image\\\/\",\"url\":\"https:\\\/\\\/climateactionnetwork.ca\\\/wp-content\\\/uploads\\\/CAN-Rac-Canada-logo-cmyk-png-transparent.png\",\"contentUrl\":\"https:\\\/\\\/climateactionnetwork.ca\\\/wp-content\\\/uploads\\\/CAN-Rac-Canada-logo-cmyk-png-transparent.png\",\"width\":1181,\"height\":1181,\"caption\":\"Climate Action Network - R\u00e9seau action climat Canada\"},\"image\":{\"@id\":\"https:\\\/\\\/climateactionnetwork.ca\\\/#\\\/schema\\\/logo\\\/image\\\/\"},\"sameAs\":[\"https:\\\/\\\/www.facebook.com\\\/climate.action.network.canada\",\"https:\\\/\\\/x.com\\\/CANRacCanada\"]}]}<\/script>\n<!-- \/ Yoast SEO plugin. -->","yoast_head_json":{"title":"Politique nationale - Climate Action Network Canada (CAN-Rac)","robots":{"index":"index","follow":"follow","max-snippet":"max-snippet:-1","max-image-preview":"max-image-preview:large","max-video-preview":"max-video-preview:-1"},"canonical":"https:\/\/climateactionnetwork.ca\/fr\/notre-travail\/politique-nationale\/","og_locale":"fr_FR","og_type":"article","og_title":"Politique nationale - Climate Action Network Canada (CAN-Rac)","og_url":"https:\/\/climateactionnetwork.ca\/fr\/notre-travail\/politique-nationale\/","og_site_name":"Climate Action Network Canada (CAN-Rac)","article_publisher":"https:\/\/www.facebook.com\/climate.action.network.canada","article_modified_time":"2022-08-29T19:54:52+00:00","og_image":[{"width":1267,"height":845,"url":"https:\/\/climateactionnetwork.ca\/wp-content\/uploads\/AdobeStock_255927791.jpeg","type":"image\/jpeg"}],"twitter_card":"summary_large_image","twitter_site":"@CANRacCanada","twitter_misc":{"Dur\u00e9e de lecture estim\u00e9e":"6 minutes"},"schema":{"@context":"https:\/\/schema.org","@graph":[{"@type":"WebPage","@id":"https:\/\/climateactionnetwork.ca\/fr\/notre-travail\/politique-nationale\/","url":"https:\/\/climateactionnetwork.ca\/fr\/notre-travail\/politique-nationale\/","name":"Politique nationale - Climate Action Network Canada (CAN-Rac)","isPartOf":{"@id":"https:\/\/climateactionnetwork.ca\/#website"},"primaryImageOfPage":{"@id":"https:\/\/climateactionnetwork.ca\/fr\/notre-travail\/politique-nationale\/#primaryimage"},"image":{"@id":"https:\/\/climateactionnetwork.ca\/fr\/notre-travail\/politique-nationale\/#primaryimage"},"thumbnailUrl":"https:\/\/climateactionnetwork.ca\/wp-content\/uploads\/AdobeStock_255927791.jpeg","datePublished":"2022-03-07T15:51:45+00:00","dateModified":"2022-08-29T19:54:52+00:00","breadcrumb":{"@id":"https:\/\/climateactionnetwork.ca\/fr\/notre-travail\/politique-nationale\/#breadcrumb"},"inLanguage":"fr-FR","potentialAction":[{"@type":"ReadAction","target":["https:\/\/climateactionnetwork.ca\/fr\/notre-travail\/politique-nationale\/"]}]},{"@type":"ImageObject","inLanguage":"fr-FR","@id":"https:\/\/climateactionnetwork.ca\/fr\/notre-travail\/politique-nationale\/#primaryimage","url":"https:\/\/climateactionnetwork.ca\/wp-content\/uploads\/AdobeStock_255927791.jpeg","contentUrl":"https:\/\/climateactionnetwork.ca\/wp-content\/uploads\/AdobeStock_255927791.jpeg","width":1267,"height":845},{"@type":"BreadcrumbList","@id":"https:\/\/climateactionnetwork.ca\/fr\/notre-travail\/politique-nationale\/#breadcrumb","itemListElement":[{"@type":"ListItem","position":1,"name":"Home","item":"https:\/\/climateactionnetwork.ca\/fr\/"},{"@type":"ListItem","position":2,"name":"Notre travail","item":"https:\/\/climateactionnetwork.ca\/fr\/notre-travail\/"},{"@type":"ListItem","position":3,"name":"Politique nationale"}]},{"@type":"WebSite","@id":"https:\/\/climateactionnetwork.ca\/#website","url":"https:\/\/climateactionnetwork.ca\/","name":"Climate Action Network Canada (CAN-Rac)","description":"Climate Action Network Canada (CAN-Rac)","publisher":{"@id":"https:\/\/climateactionnetwork.ca\/#organization"},"potentialAction":[{"@type":"SearchAction","target":{"@type":"EntryPoint","urlTemplate":"https:\/\/climateactionnetwork.ca\/?s={search_term_string}"},"query-input":{"@type":"PropertyValueSpecification","valueRequired":true,"valueName":"search_term_string"}}],"inLanguage":"fr-FR"},{"@type":"Organization","@id":"https:\/\/climateactionnetwork.ca\/#organization","name":"Climate Action Network - R\u00e9seau action climat Canada","alternateName":"CAN-Rac","url":"https:\/\/climateactionnetwork.ca\/","logo":{"@type":"ImageObject","inLanguage":"fr-FR","@id":"https:\/\/climateactionnetwork.ca\/#\/schema\/logo\/image\/","url":"https:\/\/climateactionnetwork.ca\/wp-content\/uploads\/CAN-Rac-Canada-logo-cmyk-png-transparent.png","contentUrl":"https:\/\/climateactionnetwork.ca\/wp-content\/uploads\/CAN-Rac-Canada-logo-cmyk-png-transparent.png","width":1181,"height":1181,"caption":"Climate Action Network - R\u00e9seau action climat Canada"},"image":{"@id":"https:\/\/climateactionnetwork.ca\/#\/schema\/logo\/image\/"},"sameAs":["https:\/\/www.facebook.com\/climate.action.network.canada","https:\/\/x.com\/CANRacCanada"]}]}},"_links":{"self":[{"href":"https:\/\/climateactionnetwork.ca\/fr\/wp-json\/wp\/v2\/pages\/46293","targetHints":{"allow":["GET"]}}],"collection":[{"href":"https:\/\/climateactionnetwork.ca\/fr\/wp-json\/wp\/v2\/pages"}],"about":[{"href":"https:\/\/climateactionnetwork.ca\/fr\/wp-json\/wp\/v2\/types\/page"}],"author":[{"embeddable":true,"href":"https:\/\/climateactionnetwork.ca\/fr\/wp-json\/wp\/v2\/users\/18"}],"replies":[{"embeddable":true,"href":"https:\/\/climateactionnetwork.ca\/fr\/wp-json\/wp\/v2\/comments?post=46293"}],"version-history":[{"count":14,"href":"https:\/\/climateactionnetwork.ca\/fr\/wp-json\/wp\/v2\/pages\/46293\/revisions"}],"predecessor-version":[{"id":47206,"href":"https:\/\/climateactionnetwork.ca\/fr\/wp-json\/wp\/v2\/pages\/46293\/revisions\/47206"}],"up":[{"embeddable":true,"href":"https:\/\/climateactionnetwork.ca\/fr\/wp-json\/wp\/v2\/pages\/46289"}],"wp:featuredmedia":[{"embeddable":true,"href":"https:\/\/climateactionnetwork.ca\/fr\/wp-json\/wp\/v2\/media\/807"}],"wp:attachment":[{"href":"https:\/\/climateactionnetwork.ca\/fr\/wp-json\/wp\/v2\/media?parent=46293"}],"curies":[{"name":"wp","href":"https:\/\/api.w.org\/{rel}","templated":true}]}}